{"id":14391,"date":"2025-11-27T10:13:12","date_gmt":"2025-11-27T09:13:12","guid":{"rendered":"https:\/\/elearning.nasla.cm\/index.php\/organisation-et-fonctionnement-de-la-commune-quiz-sequence-01\/"},"modified":"2025-11-27T10:13:12","modified_gmt":"2025-11-27T09:13:12","slug":"organisation-et-fonctionnement-de-la-commune-quiz-sequence-01","status":"publish","type":"page","link":"https:\/\/elearning.nasla.cm\/index.php\/organisation-et-fonctionnement-de-la-commune-quiz-sequence-01\/","title":{"rendered":"Organisation et Fonctionnement de la Commune: Quiz s\u00e9quence 01"},"content":{"rendered":"<script type=\"text\/javascript\" >\ndocument.addEventListener(\"DOMContentLoaded\", function(event) { \nif(!window.jQuery) alert(\"The important jQuery library is not properly loaded in your site. Your WordPress theme is probably missing the essential wp_head() call. You can switch to another theme and you will see that the plugin works fine and this notice disappears. If you are still not sure what to do you can contact us for help.\");\n});\n<\/script>  \n  \n<div  id=\"watupro_quiz\" class=\"quiz-area single-page-quiz\">\n<p id=\"submittingExam27\" style=\"display:none;text-align:center;\"><img decoding=\"async\" src=\"https:\/\/elearning.nasla.cm\/wp-content\/plugins\/watupro\/img\/loading.gif\" width=\"16\" height=\"16\"><\/p>\n\n<div class=\"watupro-exam-description\" id=\"description-quiz-27\"><p>RAS<\/p>\n<\/div>\n\n<form action=\"\" method=\"post\" class=\"quiz-form\" id=\"quiz-27\"  enctype=\"multipart\/form-data\" >\n<div class='watu-question ' id='question-1' style=';'><div id='questionWrap-1'  class='   watupro-question-id-224'>\n\t\t\t<div class='question-content'><div><span class='watupro_num'>1. <\/span>Quel est le fondement constitutionnel de la d\u00e9centralisation au Cameroun ?<\/div><input type='hidden' name='question_id[]' id='qID_1' value='224' class='watupro-question-id'\/><input type='hidden' id='answerType224' class='answerTypeCnt1' value='checkbox'><!-- end question-content--><\/div><div class='question-choices watupro-choices-columns '  id='questionChoices224'><div class='watupro-question-choice  ' dir='auto' ><input type='checkbox' name='answer-224[]' id='answer-id-731' class='answer   answerof-224 ' value='731'   \/><label for='answer-id-731' id='answer-label-731' class=' answer'><span>L'article 1er de la Constitution<\/span><\/label><\/div><div class='watupro-question-choice  ' dir='auto' ><input type='checkbox' name='answer-224[]' id='answer-id-732' class='answer   answerof-224 ' value='732'   \/><label for='answer-id-732' id='answer-label-732' class=' answer'><span>L'article 55 de la Constitution<\/span><\/label><\/div><div class='watupro-question-choice  ' dir='auto' ><input type='checkbox' name='answer-224[]' id='answer-id-733' class='answer   answerof-224 ' value='733'   \/><label for='answer-id-733' id='answer-label-733' class=' answer'><span>Le pr\u00e9ambule de la Constitution<\/span><\/label><\/div><div class='watupro-question-choice  ' dir='auto' ><input type='checkbox' name='answer-224[]' id='answer-id-734' class='answer   answerof-224 ' value='734'   \/><label for='answer-id-734' id='answer-label-734' class=' answer'><span>Le Code \u00e9lectoral<\/span><\/label><\/div><!-- end question-choices--><\/div><!-- end questionWrap--><\/div><\/div><div class='watu-question ' id='question-2' style=';'><div id='questionWrap-2'  class='   watupro-question-id-225'>\n\t\t\t<div class='question-content'><div><span class='watupro_num'>2. <\/span>Le Code g\u00e9n\u00e9ral des CTD de 2019 a principalement pour objectif de :<\/div><input type='hidden' name='question_id[]' id='qID_2' value='225' class='watupro-question-id'\/><input type='hidden' id='answerType225' class='answerTypeCnt2' value='checkbox'><!-- end question-content--><\/div><div class='question-choices watupro-choices-columns '  id='questionChoices225'><div class='watupro-question-choice  ' dir='auto' ><input type='checkbox' name='answer-225[]' id='answer-id-735' class='answer   answerof-225 ' value='735'   \/><label for='answer-id-735' id='answer-label-735' class=' answer'><span>Cr\u00e9er de nouvelles r\u00e9gions<\/span><\/label><\/div><div class='watupro-question-choice  ' dir='auto' ><input type='checkbox' name='answer-225[]' id='answer-id-736' class='answer   answerof-225 ' value='736'   \/><label for='answer-id-736' id='answer-label-736' class=' answer'><span>Unifier et clarifier les r\u00e8gles de gestion des CTD<\/span><\/label><\/div><div class='watupro-question-choice  ' dir='auto' ><input type='checkbox' name='answer-225[]' id='answer-id-737' class='answer   answerof-225 ' value='737'   \/><label for='answer-id-737' id='answer-label-737' class=' answer'><span>Supprimer les communes rurales<\/span><\/label><\/div><div class='watupro-question-choice  ' dir='auto' ><input type='checkbox' name='answer-225[]' id='answer-id-738' class='answer   answerof-225 ' value='738'   \/><label for='answer-id-738' id='answer-label-738' class=' answer'><span>Renforcer le contr\u00f4le de l'\u00c9tat central<\/span><\/label><\/div><!-- end question-choices--><\/div><!-- end questionWrap--><\/div><\/div><div class='watu-question ' id='question-3' style=';'><div id='questionWrap-3'  class='   watupro-question-id-226'>\n\t\t\t<div class='question-content'><div><span class='watupro_num'>3. <\/span>Parmi les enjeux suivants, lequel est consid\u00e9r\u00e9 comme le plus crucial pour le fonctionnement effectif des communes ?<\/div><input type='hidden' name='question_id[]' id='qID_3' value='226' class='watupro-question-id'\/><input type='hidden' id='answerType226' class='answerTypeCnt3' value='checkbox'><!-- end question-content--><\/div><div class='question-choices watupro-choices-columns '  id='questionChoices226'><div class='watupro-question-choice  ' dir='auto' ><input type='checkbox' name='answer-226[]' id='answer-id-739' class='answer   answerof-226 ' value='739'   \/><label for='answer-id-739' id='answer-label-739' class=' answer'><span>La cr\u00e9ation de nouveaux march\u00e9s<\/span><\/label><\/div><div class='watupro-question-choice  ' dir='auto' ><input type='checkbox' name='answer-226[]' id='answer-id-740' class='answer   answerof-226 ' value='740'   \/><label for='answer-id-740' id='answer-label-740' class=' answer'><span>Le renforcement des capacit\u00e9s techniques<\/span><\/label><\/div><div class='watupro-question-choice  ' dir='auto' ><input type='checkbox' name='answer-226[]' id='answer-id-741' class='answer   answerof-226 ' value='741'   \/><label for='answer-id-741' id='answer-label-741' class=' answer'><span>La r\u00e9gularit\u00e9, la suffisance et la pr\u00e9visibilit\u00e9 des ressources financi\u00e8res<\/span><\/label><\/div><div class='watupro-question-choice  ' dir='auto' ><input type='checkbox' name='answer-226[]' id='answer-id-742' class='answer   answerof-226 ' value='742'   \/><label for='answer-id-742' id='answer-label-742' class=' answer'><span>L'augmentation du nombre d'\u00e9lus<\/span><\/label><\/div><!-- end question-choices--><\/div><!-- end questionWrap--><\/div><\/div><div class='watu-question ' id='question-4' style=';'><div id='questionWrap-4'  class='   watupro-question-id-227'>\n\t\t\t<div class='question-content'><div><span class='watupro_num'>4. <\/span>Quelle est la principale diff\u00e9rence entre une commune urbaine ordinaire et une Communaut\u00e9 urbaine ?<\/div><input type='hidden' name='question_id[]' id='qID_4' value='227' class='watupro-question-id'\/><input type='hidden' id='answerType227' class='answerTypeCnt4' value='checkbox'><!-- end question-content--><\/div><div class='question-choices watupro-choices-columns '  id='questionChoices227'><div class='watupro-question-choice  ' dir='auto' ><input type='checkbox' name='answer-227[]' id='answer-id-743' class='answer   answerof-227 ' value='743'   \/><label for='answer-id-743' id='answer-label-743' class=' answer'><span>La population<\/span><\/label><\/div><div class='watupro-question-choice  ' dir='auto' ><input type='checkbox' name='answer-227[]' id='answer-id-744' class='answer   answerof-227 ' value='744'   \/><label for='answer-id-744' id='answer-label-744' class=' answer'><span>Le niveau de d\u00e9centralisation<\/span><\/label><\/div><div class='watupro-question-choice  ' dir='auto' ><input type='checkbox' name='answer-227[]' id='answer-id-745' class='answer   answerof-227 ' value='745'   \/><label for='answer-id-745' id='answer-label-745' class=' answer'><span>Le nombre d'arrondissements<\/span><\/label><\/div><div class='watupro-question-choice  ' dir='auto' ><input type='checkbox' name='answer-227[]' id='answer-id-746' class='answer   answerof-227 ' value='746'   \/><label for='answer-id-746' id='answer-label-746' class=' answer'><span>La gestion des grands \u00e9quipements urbains<\/span><\/label><\/div><!-- end question-choices--><\/div><!-- end questionWrap--><\/div><\/div><div class='watu-question ' id='question-5' style=';'><div id='questionWrap-5'  class='   watupro-question-id-228'>\n\t\t\t<div class='question-content'><div><span class='watupro_num'>5. <\/span>Lequel des \u00e9l\u00e9ments suivants est une comp\u00e9tence typique d'une commune ?<\/div><input type='hidden' name='question_id[]' id='qID_5' value='228' class='watupro-question-id'\/><input type='hidden' id='answerType228' class='answerTypeCnt5' value='checkbox'><!-- end question-content--><\/div><div class='question-choices watupro-choices-columns '  id='questionChoices228'><div class='watupro-question-choice  ' dir='auto' ><input type='checkbox' name='answer-228[]' id='answer-id-747' class='answer   answerof-228 ' value='747'   \/><label for='answer-id-747' id='answer-label-747' class=' answer'><span>Gestion des lyc\u00e9es<\/span><\/label><\/div><div class='watupro-question-choice  ' dir='auto' ><input type='checkbox' name='answer-228[]' id='answer-id-748' class='answer   answerof-228 ' value='748'   \/><label for='answer-id-748' id='answer-label-748' class=' answer'><span>Construction de routes r\u00e9gionales<\/span><\/label><\/div><div class='watupro-question-choice  ' dir='auto' ><input type='checkbox' name='answer-228[]' id='answer-id-749' class='answer   answerof-228 ' value='749'   \/><label for='answer-id-749' id='answer-label-749' class=' answer'><span>\u00c9tat civil, voirie locale, march\u00e9s<\/span><\/label><\/div><div class='watupro-question-choice  ' dir='auto' ><input type='checkbox' name='answer-228[]' id='answer-id-750' class='answer   answerof-228 ' value='750'   \/><label for='answer-id-750' id='answer-label-750' class=' answer'><span>Gestion des a\u00e9roports<\/span><\/label><\/div><!-- end question-choices--><\/div><!-- end questionWrap--><\/div><\/div><div class='watu-question ' id='question-6' style=';'><div id='questionWrap-6'  class='   watupro-question-id-229'>\n\t\t\t<div class='question-content'><div><span class='watupro_num'>6. <\/span>Qui est l'ex\u00e9cutif d'une r\u00e9gion au Cameroun ?<\/div><input type='hidden' name='question_id[]' id='qID_6' value='229' class='watupro-question-id'\/><input type='hidden' id='answerType229' class='answerTypeCnt6' value='checkbox'><!-- end question-content--><\/div><div class='question-choices watupro-choices-columns '  id='questionChoices229'><div class='watupro-question-choice  ' dir='auto' ><input type='checkbox' name='answer-229[]' id='answer-id-751' class='answer   answerof-229 ' value='751'   \/><label for='answer-id-751' id='answer-label-751' class=' answer'><span>Le gouverneur<\/span><\/label><\/div><div class='watupro-question-choice  ' dir='auto' ><input type='checkbox' name='answer-229[]' id='answer-id-752' class='answer   answerof-229 ' value='752'   \/><label for='answer-id-752' id='answer-label-752' class=' answer'><span>Le pr\u00e9fet<\/span><\/label><\/div><div class='watupro-question-choice  ' dir='auto' ><input type='checkbox' name='answer-229[]' id='answer-id-753' class='answer   answerof-229 ' value='753'   \/><label for='answer-id-753' id='answer-label-753' class=' answer'><span>Le pr\u00e9sident du conseil r\u00e9gional<\/span><\/label><\/div><div class='watupro-question-choice  ' dir='auto' ><input type='checkbox' name='answer-229[]' id='answer-id-754' class='answer   answerof-229 ' value='754'   \/><label for='answer-id-754' id='answer-label-754' class=' answer'><span>Le maire de la capitale r\u00e9gionale<\/span><\/label><\/div><!-- end question-choices--><\/div><!-- end questionWrap--><\/div><\/div><div class='watu-question ' id='question-7' style=';'><div id='questionWrap-7'  class='   watupro-question-id-230'>\n\t\t\t<div class='question-content'><div><span class='watupro_num'>7. <\/span>Quel est le r\u00f4le d'un conseil municipal ?<\/div><input type='hidden' name='question_id[]' id='qID_7' value='230' class='watupro-question-id'\/><input type='hidden' id='answerType230' class='answerTypeCnt7' value='checkbox'><!-- end question-content--><\/div><div class='question-choices watupro-choices-columns '  id='questionChoices230'><div class='watupro-question-choice  ' dir='auto' ><input type='checkbox' name='answer-230[]' id='answer-id-755' class='answer   answerof-230 ' value='755'   \/><label for='answer-id-755' id='answer-label-755' class=' answer'><span>Appliquer les lois nationales<\/span><\/label><\/div><div class='watupro-question-choice  ' dir='auto' ><input type='checkbox' name='answer-230[]' id='answer-id-756' class='answer   answerof-230 ' value='756'   \/><label for='answer-id-756' id='answer-label-756' class=' answer'><span>D\u00e9lib\u00e9rer et voter le budget communal<\/span><\/label><\/div><div class='watupro-question-choice  ' dir='auto' ><input type='checkbox' name='answer-230[]' id='answer-id-757' class='answer   answerof-230 ' value='757'   \/><label for='answer-id-757' id='answer-label-757' class=' answer'><span>Remplacer l'administration centrale<\/span><\/label><\/div><div class='watupro-question-choice  ' dir='auto' ><input type='checkbox' name='answer-230[]' id='answer-id-758' class='answer   answerof-230 ' value='758'   \/><label for='answer-id-758' id='answer-label-758' class=' answer'><span>Nommer les pr\u00e9fets<\/span><\/label><\/div><!-- end question-choices--><\/div><!-- end questionWrap--><\/div><\/div><div class='watu-question ' id='question-8' style=';'><div id='questionWrap-8'  class='   watupro-question-id-231'>\n\t\t\t<div class='question-content'><div><span class='watupro_num'>8. <\/span>Le transfert de comp\u00e9tences de l'\u00c9tat vers les CTD vise \u00e0 :<\/div><input type='hidden' name='question_id[]' id='qID_8' value='231' class='watupro-question-id'\/><input type='hidden' id='answerType231' class='answerTypeCnt8' value='checkbox'><!-- end question-content--><\/div><div class='question-choices watupro-choices-columns '  id='questionChoices231'><div class='watupro-question-choice  ' dir='auto' ><input type='checkbox' name='answer-231[]' id='answer-id-759' class='answer   answerof-231 ' value='759'   \/><label for='answer-id-759' id='answer-label-759' class=' answer'><span>R\u00e9duire le nombre de minist\u00e8res<\/span><\/label><\/div><div class='watupro-question-choice  ' dir='auto' ><input type='checkbox' name='answer-231[]' id='answer-id-760' class='answer   answerof-231 ' value='760'   \/><label for='answer-id-760' id='answer-label-760' class=' answer'><span>Centraliser les d\u00e9cisions<\/span><\/label><\/div><div class='watupro-question-choice  ' dir='auto' ><input type='checkbox' name='answer-231[]' id='answer-id-761' class='answer   answerof-231 ' value='761'   \/><label for='answer-id-761' id='answer-label-761' class=' answer'><span>Am\u00e9liorer la r\u00e9activit\u00e9 et l'efficacit\u00e9 de l'action publique<\/span><\/label><\/div><div class='watupro-question-choice  ' dir='auto' ><input type='checkbox' name='answer-231[]' id='answer-id-762' class='answer   answerof-231 ' value='762'   \/><label for='answer-id-762' id='answer-label-762' class=' answer'><span>Augmenter les imp\u00f4ts locaux<\/span><\/label><\/div><!-- end question-choices--><\/div><!-- end questionWrap--><\/div><\/div><div class='watu-question ' id='question-9' style=';'><div id='questionWrap-9'  class='   watupro-question-id-232'>\n\t\t\t<div class='question-content'><div><span class='watupro_num'>9. <\/span>Une Communaut\u00e9 urbaine est cr\u00e9\u00e9e principalement dans :<\/div><input type='hidden' name='question_id[]' id='qID_9' value='232' class='watupro-question-id'\/><input type='hidden' id='answerType232' class='answerTypeCnt9' value='checkbox'><!-- end question-content--><\/div><div class='question-choices watupro-choices-columns '  id='questionChoices232'><div class='watupro-question-choice  ' dir='auto' ><input type='checkbox' name='answer-232[]' id='answer-id-763' class='answer   answerof-232 ' value='763'   \/><label for='answer-id-763' id='answer-label-763' class=' answer'><span>Les villages<\/span><\/label><\/div><div class='watupro-question-choice  ' dir='auto' ><input type='checkbox' name='answer-232[]' id='answer-id-764' class='answer   answerof-232 ' value='764'   \/><label for='answer-id-764' id='answer-label-764' class=' answer'><span>Les petites villes<\/span><\/label><\/div><div class='watupro-question-choice  ' dir='auto' ><input type='checkbox' name='answer-232[]' id='answer-id-765' class='answer   answerof-232 ' value='765'   \/><label for='answer-id-765' id='answer-label-765' class=' answer'><span>Les grandes m\u00e9tropoles<\/span><\/label><\/div><div class='watupro-question-choice  ' dir='auto' ><input type='checkbox' name='answer-232[]' id='answer-id-766' class='answer   answerof-232 ' value='766'   \/><label for='answer-id-766' id='answer-label-766' class=' answer'><span>Les zones rurales<\/span><\/label><\/div><!-- end question-choices--><\/div><!-- end questionWrap--><\/div><\/div><div class='watu-question ' id='question-10' style=';'><div id='questionWrap-10'  class='   watupro-question-id-233'>\n\t\t\t<div class='question-content'><div><span class='watupro_num'>10. <\/span>Quel est l'int\u00e9r\u00eat de la planification strat\u00e9gique dans les communes ?<\/div><input type='hidden' name='question_id[]' id='qID_10' value='233' class='watupro-question-id'\/><input type='hidden' id='answerType233' class='answerTypeCnt10' value='checkbox'><!-- end question-content--><\/div><div class='question-choices watupro-choices-columns '  id='questionChoices233'><div class='watupro-question-choice  ' dir='auto' ><input type='checkbox' name='answer-233[]' id='answer-id-767' class='answer   answerof-233 ' value='767'   \/><label for='answer-id-767' id='answer-label-767' class=' answer'><span>\u00c9viter les \u00e9lections<\/span><\/label><\/div><div class='watupro-question-choice  ' dir='auto' ><input type='checkbox' name='answer-233[]' id='answer-id-768' class='answer   answerof-233 ' value='768'   \/><label for='answer-id-768' id='answer-label-768' class=' answer'><span>Avoir une vision \u00e0 long terme et coh\u00e9rente du d\u00e9veloppement<\/span><\/label><\/div><div class='watupro-question-choice  ' dir='auto' ><input type='checkbox' name='answer-233[]' id='answer-id-769' class='answer   answerof-233 ' value='769'   \/><label for='answer-id-769' id='answer-label-769' class=' answer'><span>Supprimer les services techniques<\/span><\/label><\/div><div class='watupro-question-choice  ' dir='auto' ><input type='checkbox' name='answer-233[]' id='answer-id-770' class='answer   answerof-233 ' value='770'   \/><label for='answer-id-770' id='answer-label-770' class=' answer'><span>R\u00e9duire les d\u00e9penses<\/span><\/label><\/div><!-- end question-choices--><\/div><!-- end questionWrap--><\/div><\/div><div class='watu-question ' id='question-11' style=';'><div id='questionWrap-11'  class='   watupro-question-id-234'>\n\t\t\t<div class='question-content'><div><span class='watupro_num'>11. <\/span>Lequel des acteurs suivants repr\u00e9sente l'\u00c9tat dans une commune ?<\/div><input type='hidden' name='question_id[]' id='qID_11' value='234' class='watupro-question-id'\/><input type='hidden' id='answerType234' class='answerTypeCnt11' value='checkbox'><!-- end question-content--><\/div><div class='question-choices watupro-choices-columns '  id='questionChoices234'><div class='watupro-question-choice  ' dir='auto' ><input type='checkbox' name='answer-234[]' id='answer-id-771' class='answer   answerof-234 ' value='771'   \/><label for='answer-id-771' id='answer-label-771' class=' answer'><span>Le maire<\/span><\/label><\/div><div class='watupro-question-choice  ' dir='auto' ><input type='checkbox' name='answer-234[]' id='answer-id-772' class='answer   answerof-234 ' value='772'   \/><label for='answer-id-772' id='answer-label-772' class=' answer'><span>Le secr\u00e9taire g\u00e9n\u00e9ral<\/span><\/label><\/div><div class='watupro-question-choice  ' dir='auto' ><input type='checkbox' name='answer-234[]' id='answer-id-773' class='answer   answerof-234 ' value='773'   \/><label for='answer-id-773' id='answer-label-773' class=' answer'><span>Le pr\u00e9fet<\/span><\/label><\/div><div class='watupro-question-choice  ' dir='auto' ><input type='checkbox' name='answer-234[]' id='answer-id-774' class='answer   answerof-234 ' value='774'   \/><label for='answer-id-774' id='answer-label-774' class=' answer'><span>Le pr\u00e9sident du conseil r\u00e9gional<\/span><\/label><\/div><!-- end question-choices--><\/div><!-- end questionWrap--><\/div><\/div><div class='watu-question ' id='question-12' style=';'><div id='questionWrap-12'  class='   watupro-question-id-235'>\n\t\t\t<div class='question-content'><div><span class='watupro_num'>12. <\/span>Quelle est la principale faiblesse soulev\u00e9e dans le sc\u00e9nario de NaslaTown ?<\/div><input type='hidden' name='question_id[]' id='qID_12' value='235' class='watupro-question-id'\/><input type='hidden' id='answerType235' class='answerTypeCnt12' value='checkbox'><!-- end question-content--><\/div><div class='question-choices watupro-choices-columns '  id='questionChoices235'><div class='watupro-question-choice  ' dir='auto' ><input type='checkbox' name='answer-235[]' id='answer-id-775' class='answer   answerof-235 ' value='775'   \/><label for='answer-id-775' id='answer-label-775' class=' answer'><span>Manque de population<\/span><\/label><\/div><div class='watupro-question-choice  ' dir='auto' ><input type='checkbox' name='answer-235[]' id='answer-id-776' class='answer   answerof-235 ' value='776'   \/><label for='answer-id-776' id='answer-label-776' class=' answer'><span>Lenteur et inefficacit\u00e9 de l'administration centralis\u00e9e<\/span><\/label><\/div><div class='watupro-question-choice  ' dir='auto' ><input type='checkbox' name='answer-235[]' id='answer-id-777' class='answer   answerof-235 ' value='777'   \/><label for='answer-id-777' id='answer-label-777' class=' answer'><span>Exc\u00e8s de ressources locales<\/span><\/label><\/div><div class='watupro-question-choice  ' dir='auto' ><input type='checkbox' name='answer-235[]' id='answer-id-778' class='answer   answerof-235 ' value='778'   \/><label for='answer-id-778' id='answer-label-778' class=' answer'><span>Trop de d\u00e9centralisation<\/span><\/label><\/div><!-- end question-choices--><\/div><!-- end questionWrap--><\/div><\/div><div class='watu-question ' id='question-13' style=';'><div id='questionWrap-13'  class='   watupro-question-id-236'>\n\t\t\t<div class='question-content'><div><span class='watupro_num'>13. <\/span>Le Code de 2019 renforce l'autonomie des CTD en :<\/div><input type='hidden' name='question_id[]' id='qID_13' value='236' class='watupro-question-id'\/><input type='hidden' id='answerType236' class='answerTypeCnt13' value='checkbox'><!-- end question-content--><\/div><div class='question-choices watupro-choices-columns '  id='questionChoices236'><div class='watupro-question-choice  ' dir='auto' ><input type='checkbox' name='answer-236[]' id='answer-id-779' class='answer   answerof-236 ' value='779'   \/><label for='answer-id-779' id='answer-label-779' class=' answer'><span>Supprimant les conseils municipaux<\/span><\/label><\/div><div class='watupro-question-choice  ' dir='auto' ><input type='checkbox' name='answer-236[]' id='answer-id-780' class='answer   answerof-236 ' value='780'   \/><label for='answer-id-780' id='answer-label-780' class=' answer'><span>Clarifiant les m\u00e9canismes de transfert de comp\u00e9tences et de ressources<\/span><\/label><\/div><div class='watupro-question-choice  ' dir='auto' ><input type='checkbox' name='answer-236[]' id='answer-id-781' class='answer   answerof-236 ' value='781'   \/><label for='answer-id-781' id='answer-label-781' class=' answer'><span>Nommant les maires directement<\/span><\/label><\/div><div class='watupro-question-choice  ' dir='auto' ><input type='checkbox' name='answer-236[]' id='answer-id-782' class='answer   answerof-236 ' value='782'   \/><label for='answer-id-782' id='answer-label-782' class=' answer'><span>Centralisant les budgets<\/span><\/label><\/div><!-- end question-choices--><\/div><!-- end questionWrap--><\/div><\/div><div class='watu-question ' id='question-14' style=';'><div id='questionWrap-14'  class='   watupro-question-id-237'>\n\t\t\t<div class='question-content'><div><span class='watupro_num'>14. <\/span>Une commune rurale a pour priorit\u00e9 :<\/div><input type='hidden' name='question_id[]' id='qID_14' value='237' class='watupro-question-id'\/><input type='hidden' id='answerType237' class='answerTypeCnt14' value='checkbox'><!-- end question-content--><\/div><div class='question-choices watupro-choices-columns '  id='questionChoices237'><div class='watupro-question-choice  ' dir='auto' ><input type='checkbox' name='answer-237[]' id='answer-id-783' class='answer   answerof-237 ' value='783'   \/><label for='answer-id-783' id='answer-label-783' class=' answer'><span>La construction de m\u00e9tros<\/span><\/label><\/div><div class='watupro-question-choice  ' dir='auto' ><input type='checkbox' name='answer-237[]' id='answer-id-784' class='answer   answerof-237 ' value='784'   \/><label for='answer-id-784' id='answer-label-784' class=' answer'><span>Les services de base comme l'eau, la sant\u00e9, les routes rurales<\/span><\/label><\/div><div class='watupro-question-choice  ' dir='auto' ><input type='checkbox' name='answer-237[]' id='answer-id-785' class='answer   answerof-237 ' value='785'   \/><label for='answer-id-785' id='answer-label-785' class=' answer'><span>La gestion des a\u00e9roports<\/span><\/label><\/div><div class='watupro-question-choice  ' dir='auto' ><input type='checkbox' name='answer-237[]' id='answer-id-786' class='answer   answerof-237 ' value='786'   \/><label for='answer-id-786' id='answer-label-786' class=' answer'><span>Les politiques \u00e9trang\u00e8res<\/span><\/label><\/div><!-- end question-choices--><\/div><!-- end questionWrap--><\/div><\/div><div class='watu-question ' id='question-15' style=';'><div id='questionWrap-15'  class='   watupro-question-id-238'>\n\t\t\t<div class='question-content'><div><span class='watupro_num'>15. <\/span>Quel est le r\u00f4le d'un maire dans une commune ?<\/div><input type='hidden' name='question_id[]' id='qID_15' value='238' class='watupro-question-id'\/><input type='hidden' id='answerType238' class='answerTypeCnt15' value='checkbox'><!-- end question-content--><\/div><div class='question-choices watupro-choices-columns '  id='questionChoices238'><div class='watupro-question-choice  ' dir='auto' ><input type='checkbox' name='answer-238[]' id='answer-id-787' class='answer   answerof-238 ' value='787'   \/><label for='answer-id-787' id='answer-label-787' class=' answer'><span>Appliquer les directives du pr\u00e9fet uniquement<\/span><\/label><\/div><div class='watupro-question-choice  ' dir='auto' ><input type='checkbox' name='answer-238[]' id='answer-id-788' class='answer   answerof-238 ' value='788'   \/><label for='answer-id-788' id='answer-label-788' class=' answer'><span>G\u00e9rer les affaires de la commune et ex\u00e9cuter les d\u00e9cisions du conseil<\/span><\/label><\/div><div class='watupro-question-choice  ' dir='auto' ><input type='checkbox' name='answer-238[]' id='answer-id-789' class='answer   answerof-238 ' value='789'   \/><label for='answer-id-789' id='answer-label-789' class=' answer'><span>Nommer les conseillers municipaux<\/span><\/label><\/div><div class='watupro-question-choice  ' dir='auto' ><input type='checkbox' name='answer-238[]' id='answer-id-790' class='answer   answerof-238 ' value='790'   \/><label for='answer-id-790' id='answer-label-790' class=' answer'><span>R\u00e9diger les lois nationales<\/span><\/label><\/div><!-- end question-choices--><\/div><!-- end questionWrap--><\/div><\/div><div class='watu-question ' id='question-16' style=';'><div id='questionWrap-16'  class='   watupro-question-id-239'>\n\t\t\t<div class='question-content'><div><span class='watupro_num'>16. <\/span>Lequel des \u00e9l\u00e9ments suivants est un enjeu de gouvernance locale ?<\/div><input type='hidden' name='question_id[]' id='qID_16' value='239' class='watupro-question-id'\/><input type='hidden' id='answerType239' class='answerTypeCnt16' value='checkbox'><!-- end question-content--><\/div><div class='question-choices watupro-choices-columns '  id='questionChoices239'><div class='watupro-question-choice  ' dir='auto' ><input type='checkbox' name='answer-239[]' id='answer-id-791' class='answer   answerof-239 ' value='791'   \/><label for='answer-id-791' id='answer-label-791' class=' answer'><span>La transparence et la redevabilit\u00e9<\/span><\/label><\/div><div class='watupro-question-choice  ' dir='auto' ><input type='checkbox' name='answer-239[]' id='answer-id-792' class='answer   answerof-239 ' value='792'   \/><label for='answer-id-792' id='answer-label-792' class=' answer'><span>L'augmentation des imp\u00f4ts<\/span><\/label><\/div><div class='watupro-question-choice  ' dir='auto' ><input type='checkbox' name='answer-239[]' id='answer-id-793' class='answer   answerof-239 ' value='793'   \/><label for='answer-id-793' id='answer-label-793' class=' answer'><span>La suppression des march\u00e9s publics<\/span><\/label><\/div><div class='watupro-question-choice  ' dir='auto' ><input type='checkbox' name='answer-239[]' id='answer-id-794' class='answer   answerof-239 ' value='794'   \/><label for='answer-id-794' id='answer-label-794' class=' answer'><span>Le contr\u00f4le militaire<\/span><\/label><\/div><!-- end question-choices--><\/div><!-- end questionWrap--><\/div><\/div><div class='watu-question ' id='question-17' style=';'><div id='questionWrap-17'  class='   watupro-question-id-240'>\n\t\t\t<div class='question-content'><div><span class='watupro_num'>17. <\/span>Une CTD est reconnue comme :<\/div><input type='hidden' name='question_id[]' id='qID_17' value='240' class='watupro-question-id'\/><input type='hidden' id='answerType240' class='answerTypeCnt17' value='checkbox'><!-- end question-content--><\/div><div class='question-choices watupro-choices-columns '  id='questionChoices240'><div class='watupro-question-choice  ' dir='auto' ><input type='checkbox' name='answer-240[]' id='answer-id-795' class='answer   answerof-240 ' value='795'   \/><label for='answer-id-795' id='answer-label-795' class=' answer'><span>Une simple d\u00e9l\u00e9gation de l'\u00c9tat<\/span><\/label><\/div><div class='watupro-question-choice  ' dir='auto' ><input type='checkbox' name='answer-240[]' id='answer-id-796' class='answer   answerof-240 ' value='796'   \/><label for='answer-id-796' id='answer-label-796' class=' answer'><span>Une entit\u00e9 sans personnalit\u00e9 juridique<\/span><\/label><\/div><div class='watupro-question-choice  ' dir='auto' ><input type='checkbox' name='answer-240[]' id='answer-id-797' class='answer   answerof-240 ' value='797'   \/><label for='answer-id-797' id='answer-label-797' class=' answer'><span>Une collectivit\u00e9 dot\u00e9e de la personnalit\u00e9 juridique et de l'autonomie financi\u00e8re<\/span><\/label><\/div><div class='watupro-question-choice  ' dir='auto' ><input type='checkbox' name='answer-240[]' id='answer-id-798' class='answer   answerof-240 ' value='798'   \/><label for='answer-id-798' id='answer-label-798' class=' answer'><span>Une entreprise priv\u00e9e<\/span><\/label><\/div><!-- end question-choices--><\/div><!-- end questionWrap--><\/div><\/div><div class='watu-question ' id='question-18' style=';'><div id='questionWrap-18'  class='   watupro-question-id-241'>\n\t\t\t<div class='question-content'><div><span class='watupro_num'>18. <\/span>Le conseil r\u00e9gional comprend :<\/div><input type='hidden' name='question_id[]' id='qID_18' value='241' class='watupro-question-id'\/><input type='hidden' id='answerType241' class='answerTypeCnt18' value='checkbox'><!-- end question-content--><\/div><div class='question-choices watupro-choices-columns '  id='questionChoices241'><div class='watupro-question-choice  ' dir='auto' ><input type='checkbox' name='answer-241[]' id='answer-id-799' class='answer   answerof-241 ' value='799'   \/><label for='answer-id-799' id='answer-label-799' class=' answer'><span>Uniquement des techniciens de l'\u00c9tat<\/span><\/label><\/div><div class='watupro-question-choice  ' dir='auto' ><input type='checkbox' name='answer-241[]' id='answer-id-800' class='answer   answerof-241 ' value='800'   \/><label for='answer-id-800' id='answer-label-800' class=' answer'><span>Des \u00e9lus et des repr\u00e9sentants du commandement traditionnel<\/span><\/label><\/div><div class='watupro-question-choice  ' dir='auto' ><input type='checkbox' name='answer-241[]' id='answer-id-801' class='answer   answerof-241 ' value='801'   \/><label for='answer-id-801' id='answer-label-801' class=' answer'><span>Des ministres<\/span><\/label><\/div><div class='watupro-question-choice  ' dir='auto' ><input type='checkbox' name='answer-241[]' id='answer-id-802' class='answer   answerof-241 ' value='802'   \/><label for='answer-id-802' id='answer-label-802' class=' answer'><span>Des maires uniquement<\/span><\/label><\/div><!-- end question-choices--><\/div><!-- end questionWrap--><\/div><\/div><div class='watu-question ' id='question-19' style=';'><div id='questionWrap-19'  class='   watupro-question-id-242'>\n\t\t\t<div class='question-content'><div><span class='watupro_num'>19. <\/span>Quel est l'objectif principal de la d\u00e9centralisation ?<\/div><input type='hidden' name='question_id[]' id='qID_19' value='242' class='watupro-question-id'\/><input type='hidden' id='answerType242' class='answerTypeCnt19' value='checkbox'><!-- end question-content--><\/div><div class='question-choices watupro-choices-columns '  id='questionChoices242'><div class='watupro-question-choice  ' dir='auto' ><input type='checkbox' name='answer-242[]' id='answer-id-803' class='answer   answerof-242 ' value='803'   \/><label for='answer-id-803' id='answer-label-803' class=' answer'><span>Diminuer le nombre d'\u00e9lus<\/span><\/label><\/div><div class='watupro-question-choice  ' dir='auto' ><input type='checkbox' name='answer-242[]' id='answer-id-804' class='answer   answerof-242 ' value='804'   \/><label for='answer-id-804' id='answer-label-804' class=' answer'><span>Rapprocher l'administration des administr\u00e9s et am\u00e9liorer l'efficacit\u00e9<\/span><\/label><\/div><div class='watupro-question-choice  ' dir='auto' ><input type='checkbox' name='answer-242[]' id='answer-id-805' class='answer   answerof-242 ' value='805'   \/><label for='answer-id-805' id='answer-label-805' class=' answer'><span>Centraliser les d\u00e9cisions<\/span><\/label><\/div><div class='watupro-question-choice  ' dir='auto' ><input type='checkbox' name='answer-242[]' id='answer-id-806' class='answer   answerof-242 ' value='806'   \/><label for='answer-id-806' id='answer-label-806' class=' answer'><span>Supprimer les collectivit\u00e9s<\/span><\/label><\/div><!-- end question-choices--><\/div><!-- end questionWrap--><\/div><\/div><div class='watu-question ' id='question-20' style=';'><div id='questionWrap-20'  class='   watupro-question-id-243'>\n\t\t\t<div class='question-content'><div><span class='watupro_num'>20. <\/span>Le Plan communal de d\u00e9veloppement (PCD) est :<\/div><input type='hidden' name='question_id[]' id='qID_20' value='243' class='watupro-question-id'\/><input type='hidden' id='answerType243' class='answerTypeCnt20' value='checkbox'><!-- end question-content--><\/div><div class='question-choices watupro-choices-columns '  id='questionChoices243'><div class='watupro-question-choice  ' dir='auto' ><input type='checkbox' name='answer-243[]' id='answer-id-807' class='answer   answerof-243 ' value='807'   \/><label for='answer-id-807' id='answer-label-807' class=' answer'><span>Un document facultatif<\/span><\/label><\/div><div class='watupro-question-choice  ' dir='auto' ><input type='checkbox' name='answer-243[]' id='answer-id-808' class='answer   answerof-243 ' value='808'   \/><label for='answer-id-808' id='answer-label-808' class=' answer'><span>Un outil de planification strat\u00e9gique \u00e0 moyen et long terme<\/span><\/label><\/div><div class='watupro-question-choice  ' dir='auto' ><input type='checkbox' name='answer-243[]' id='answer-id-809' class='answer   answerof-243 ' value='809'   \/><label for='answer-id-809' id='answer-label-809' class=' answer'><span>Un rapport annuel des d\u00e9penses<\/span><\/label><\/div><div class='watupro-question-choice  ' dir='auto' ><input type='checkbox' name='answer-243[]' id='answer-id-810' class='answer   answerof-243 ' value='810'   \/><label for='answer-id-810' id='answer-label-810' class=' answer'><span>Une loi nationale<\/span><\/label><\/div><!-- end question-choices--><\/div><!-- end questionWrap--><\/div><\/div><div style='display:none' id='question-21'>\n\t<div class='question-content'>\n\t\t<img decoding=\"async\" src=\"https:\/\/elearning.nasla.cm\/wp-content\/plugins\/watupro\/img\/loading.gif\" width=\"16\" height=\"16\" alt=\"Loading...\" title=\"Loading...\" \/>&nbsp;Loading...\t<\/div>\n<\/div>\n\n<br \/>\n\t\n\t\t\t<div class=\"watupro_buttons flex \" id=\"watuPROButtons27\" >\n\t\t  <div id=\"prev-question\" style=\"display:none;\"><input type=\"button\" value=\"&lt; Previous\" onclick=\"WatuPRO.nextQuestion(event, 'previous');\"\/><\/div>\t\t  \t\t  \t\t   \n\t\t   \t  \t\t<div><input type=\"button\" name=\"action\" class=\"watupro-submit-button\" onclick=\"WatuPRO.submitResult(event)\" id=\"action-button\" value=\"View Results\"  \/>\n\t\t<\/div>\n\t\t<\/div>\n\t\t\n\t<input type=\"hidden\" name=\"quiz_id\" value=\"27\" id=\"watuPROExamID\"\/>\n\t<input type=\"hidden\" name=\"start_time\" id=\"startTime\" value=\"2026-05-03 09:34:26\" \/>\n\t<input type=\"hidden\" name=\"start_timestamp\" id=\"startTimeStamp\" value=\"1777800866\" \/>\n\t<input type=\"hidden\" name=\"question_ids\" value=\"\" \/>\n\t<input type=\"hidden\" name=\"watupro_questions\" value=\"224:731,732,733,734 | 225:735,736,737,738 | 226:739,740,741,742 | 227:743,744,745,746 | 228:747,748,749,750 | 229:751,752,753,754 | 230:755,756,757,758 | 231:759,760,761,762 | 232:763,764,765,766 | 233:767,768,769,770 | 234:771,772,773,774 | 235:775,776,777,778 | 236:779,780,781,782 | 237:783,784,785,786 | 238:787,788,789,790 | 239:791,792,793,794 | 240:795,796,797,798 | 241:799,800,801,802 | 242:803,804,805,806 | 243:807,808,809,810\" \/>\n\t<input type=\"hidden\" name=\"no_ajax\" value=\"0\">\t\t\t<\/form>\n\t<p>&nbsp;<\/p>\n<\/div>\n\n<script type=\"text\/javascript\">\n\/\/jQuery(document).ready(function(){\ndocument.addEventListener(\"DOMContentLoaded\", function(event) { \t\nvar question_ids = \"224,225,226,227,228,229,230,231,232,233,234,235,236,237,238,239,240,241,242,243\";\nWatuPROSettings[27] = {};\nWatuPRO.qArr = question_ids.split(',');\nWatuPRO.exam_id = 27;\t    \nWatuPRO.post_id = 14391;\nWatuPRO.store_progress = 0;\nWatuPRO.curCatPage = 1;\nWatuPRO.requiredIDs=\"0\".split(\",\");\nWatuPRO.hAppID = \"0.24489300 1777797266\";\nvar url = \"https:\/\/elearning.nasla.cm\/wp-content\/plugins\/watupro\/show_exam.php\";\nWatuPRO.examMode = 1;\nWatuPRO.siteURL=\"https:\/\/elearning.nasla.cm\/wp-admin\/admin-ajax.php\";\nWatuPRO.emailIsNotRequired = 0;\nWatuPRO.perDecade = 10;\nWatuPROIntel.init(27);\nWatuPRO.inCategoryPages=1;});    \t \n<\/script>\n\n","protected":false},"excerpt":{"rendered":"","protected":false},"author":1,"featured_media":0,"parent":0,"menu_order":0,"comment_status":"closed","ping_status":"closed","template":"","meta":{"_acf_changed":false,"footnotes":""},"class_list":["post-14391","page","type-page","status-publish","hentry"],"acf":[],"_links":{"self":[{"href":"https:\/\/elearning.nasla.cm\/index.php\/wp-json\/wp\/v2\/pages\/14391","targetHints":{"allow":["GET"]}}],"collection":[{"href":"https:\/\/elearning.nasla.cm\/index.php\/wp-json\/wp\/v2\/pages"}],"about":[{"href":"https:\/\/elearning.nasla.cm\/index.php\/wp-json\/wp\/v2\/types\/page"}],"author":[{"embeddable":true,"href":"https:\/\/elearning.nasla.cm\/index.php\/wp-json\/wp\/v2\/users\/1"}],"replies":[{"embeddable":true,"href":"https:\/\/elearning.nasla.cm\/index.php\/wp-json\/wp\/v2\/comments?post=14391"}],"version-history":[{"count":0,"href":"https:\/\/elearning.nasla.cm\/index.php\/wp-json\/wp\/v2\/pages\/14391\/revisions"}],"wp:attachment":[{"href":"https:\/\/elearning.nasla.cm\/index.php\/wp-json\/wp\/v2\/media?parent=14391"}],"curies":[{"name":"wp","href":"https:\/\/api.w.org\/{rel}","templated":true}]}}