{"id":14398,"date":"2025-11-27T11:38:06","date_gmt":"2025-11-27T10:38:06","guid":{"rendered":"https:\/\/elearning.nasla.cm\/index.php\/organisation-et-fonctionnement-de-la-commune-quiz-sequence-02\/"},"modified":"2025-11-27T11:38:06","modified_gmt":"2025-11-27T10:38:06","slug":"organisation-et-fonctionnement-de-la-commune-quiz-sequence-02","status":"publish","type":"page","link":"https:\/\/elearning.nasla.cm\/index.php\/organisation-et-fonctionnement-de-la-commune-quiz-sequence-02\/","title":{"rendered":"Organisation et Fonctionnement de la Commune: Quiz s\u00e9quence 02"},"content":{"rendered":"<script type=\"text\/javascript\" >\ndocument.addEventListener(\"DOMContentLoaded\", function(event) { \nif(!window.jQuery) alert(\"The important jQuery library is not properly loaded in your site. Your WordPress theme is probably missing the essential wp_head() call. You can switch to another theme and you will see that the plugin works fine and this notice disappears. If you are still not sure what to do you can contact us for help.\");\n});\n<\/script>  \n  \n<div  id=\"watupro_quiz\" class=\"quiz-area single-page-quiz\">\n<p id=\"submittingExam26\" style=\"display:none;text-align:center;\"><img decoding=\"async\" src=\"https:\/\/elearning.nasla.cm\/wp-content\/plugins\/watupro\/img\/loading.gif\" width=\"16\" height=\"16\"><\/p>\n\n\n\n<form action=\"\" method=\"post\" class=\"quiz-form\" id=\"quiz-26\"  enctype=\"multipart\/form-data\" >\n<div class='watu-question ' id='question-1' style=';'><div id='questionWrap-1'  class='   watupro-question-id-244'>\n\t\t\t<div class='question-content'><div><span class='watupro_num'>1. <\/span>Quel est le mode de scrutin utilis\u00e9 pour l'\u00e9lection des conseillers municipaux au Cameroun ?<\/div><input type='hidden' name='question_id[]' id='qID_1' value='244' class='watupro-question-id'\/><input type='hidden' id='answerType244' class='answerTypeCnt1' value='checkbox'><!-- end question-content--><\/div><div class='question-choices watupro-choices-columns '  id='questionChoices244'><div class='watupro-question-choice  ' dir='auto' ><input type='checkbox' name='answer-244[]' id='answer-id-811' class='answer   answerof-244 ' value='811'   \/><label for='answer-id-811' id='answer-label-811' class=' answer'><span>Uninominal majoritaire \u00e0 deux tours<\/span><\/label><\/div><div class='watupro-question-choice  ' dir='auto' ><input type='checkbox' name='answer-244[]' id='answer-id-812' class='answer   answerof-244 ' value='812'   \/><label for='answer-id-812' id='answer-label-812' class=' answer'><span>Scrutin de liste mixte (majoritaire + proportionnel)<\/span><\/label><\/div><div class='watupro-question-choice  ' dir='auto' ><input type='checkbox' name='answer-244[]' id='answer-id-813' class='answer   answerof-244 ' value='813'   \/><label for='answer-id-813' id='answer-label-813' class=' answer'><span>Proportionnelle int\u00e9grale sans seuil<\/span><\/label><\/div><div class='watupro-question-choice  ' dir='auto' ><input type='checkbox' name='answer-244[]' id='answer-id-814' class='answer   answerof-244 ' value='814'   \/><label for='answer-id-814' id='answer-label-814' class=' answer'><span>Tirage au sort parmi les candidats<\/span><\/label><\/div><!-- end question-choices--><\/div><!-- end questionWrap--><\/div><\/div><div class='watu-question ' id='question-2' style=';'><div id='questionWrap-2'  class='   watupro-question-id-245'>\n\t\t\t<div class='question-content'><div><span class='watupro_num'>2. <\/span>Qui assure la c\u00e9r\u00e9monie officielle d'installation du maire et de ses adjoints ?<\/div><input type='hidden' name='question_id[]' id='qID_2' value='245' class='watupro-question-id'\/><input type='hidden' id='answerType245' class='answerTypeCnt2' value='checkbox'><!-- end question-content--><\/div><div class='question-choices watupro-choices-columns '  id='questionChoices245'><div class='watupro-question-choice  ' dir='auto' ><input type='checkbox' name='answer-245[]' id='answer-id-815' class='answer   answerof-245 ' value='815'   \/><label for='answer-id-815' id='answer-label-815' class=' answer'><span>Le pr\u00e9sident du conseil r\u00e9gional<\/span><\/label><\/div><div class='watupro-question-choice  ' dir='auto' ><input type='checkbox' name='answer-245[]' id='answer-id-816' class='answer   answerof-245 ' value='816'   \/><label for='answer-id-816' id='answer-label-816' class=' answer'><span>Le pr\u00e9sident du tribunal administratif<\/span><\/label><\/div><div class='watupro-question-choice  ' dir='auto' ><input type='checkbox' name='answer-245[]' id='answer-id-817' class='answer   answerof-245 ' value='817'   \/><label for='answer-id-817' id='answer-label-817' class=' answer'><span>Le Pr\u00e9fet ou le Sous-pr\u00e9fet<\/span><\/label><\/div><div class='watupro-question-choice  ' dir='auto' ><input type='checkbox' name='answer-245[]' id='answer-id-818' class='answer   answerof-245 ' value='818'   \/><label for='answer-id-818' id='answer-label-818' class=' answer'><span>Le pr\u00e9sident de la R\u00e9publique par d\u00e9l\u00e9gation<\/span><\/label><\/div><!-- end question-choices--><\/div><!-- end questionWrap--><\/div><\/div><div class='watu-question ' id='question-3' style=';'><div id='questionWrap-3'  class='   watupro-question-id-246'>\n\t\t\t<div class='question-content'><div><span class='watupro_num'>3. <\/span>Quel quorum est exig\u00e9 pour qu'une s\u00e9ance du conseil municipal d\u00e9lib\u00e8re valablement ?<\/div><input type='hidden' name='question_id[]' id='qID_3' value='246' class='watupro-question-id'\/><input type='hidden' id='answerType246' class='answerTypeCnt3' value='checkbox'><!-- end question-content--><\/div><div class='question-choices watupro-choices-columns '  id='questionChoices246'><div class='watupro-question-choice  ' dir='auto' ><input type='checkbox' name='answer-246[]' id='answer-id-819' class='answer   answerof-246 ' value='819'   \/><label for='answer-id-819' id='answer-label-819' class=' answer'><span>100 % des membres<\/span><\/label><\/div><div class='watupro-question-choice  ' dir='auto' ><input type='checkbox' name='answer-246[]' id='answer-id-820' class='answer   answerof-246 ' value='820'   \/><label for='answer-id-820' id='answer-label-820' class=' answer'><span>Les 2\/3 des membres<\/span><\/label><\/div><div class='watupro-question-choice  ' dir='auto' ><input type='checkbox' name='answer-246[]' id='answer-id-821' class='answer   answerof-246 ' value='821'   \/><label for='answer-id-821' id='answer-label-821' class=' answer'><span>La majorit\u00e9 absolue des si\u00e8ges (50 % + 1)<\/span><\/label><\/div><div class='watupro-question-choice  ' dir='auto' ><input type='checkbox' name='answer-246[]' id='answer-id-822' class='answer   answerof-246 ' value='822'   \/><label for='answer-id-822' id='answer-label-822' class=' answer'><span>Au moins la moiti\u00e9 des membres en fonction<\/span><\/label><\/div><!-- end question-choices--><\/div><!-- end questionWrap--><\/div><\/div><div class='watu-question ' id='question-4' style=';'><div id='questionWrap-4'  class='   watupro-question-id-247'>\n\t\t\t<div class='question-content'><div><span class='watupro_num'>4. <\/span>Le vote du budget communal rel\u00e8ve :<\/div><input type='hidden' name='question_id[]' id='qID_4' value='247' class='watupro-question-id'\/><input type='hidden' id='answerType247' class='answerTypeCnt4' value='checkbox'><!-- end question-content--><\/div><div class='question-choices watupro-choices-columns '  id='questionChoices247'><div class='watupro-question-choice  ' dir='auto' ><input type='checkbox' name='answer-247[]' id='answer-id-823' class='answer   answerof-247 ' value='823'   \/><label for='answer-id-823' id='answer-label-823' class=' answer'><span>D'une comp\u00e9tence exclusive du maire<\/span><\/label><\/div><div class='watupro-question-choice  ' dir='auto' ><input type='checkbox' name='answer-247[]' id='answer-id-824' class='answer   answerof-247 ' value='824'   \/><label for='answer-id-824' id='answer-label-824' class=' answer'><span>D'une d\u00e9lib\u00e9ration du conseil municipal soumise \u00e0 contr\u00f4le de l\u00e9galit\u00e9<\/span><\/label><\/div><div class='watupro-question-choice  ' dir='auto' ><input type='checkbox' name='answer-247[]' id='answer-id-825' class='answer   answerof-247 ' value='825'   \/><label for='answer-id-825' id='answer-label-825' class=' answer'><span>D'un arr\u00eat\u00e9 pr\u00e9fectoral<\/span><\/label><\/div><div class='watupro-question-choice  ' dir='auto' ><input type='checkbox' name='answer-247[]' id='answer-id-826' class='answer   answerof-247 ' value='826'   \/><label for='answer-id-826' id='answer-label-826' class=' answer'><span>D'une d\u00e9cision du pr\u00e9sident de la R\u00e9publique<\/span><\/label><\/div><!-- end question-choices--><\/div><!-- end questionWrap--><\/div><\/div><div class='watu-question ' id='question-5' style=';'><div id='questionWrap-5'  class='   watupro-question-id-248'>\n\t\t\t<div class='question-content'><div><span class='watupro_num'>5. <\/span>Une d\u00e9lib\u00e9ration peut \u00eatre suspendue par le pr\u00e9fet si :<\/div><input type='hidden' name='question_id[]' id='qID_5' value='248' class='watupro-question-id'\/><input type='hidden' id='answerType248' class='answerTypeCnt5' value='checkbox'><!-- end question-content--><\/div><div class='question-choices watupro-choices-columns '  id='questionChoices248'><div class='watupro-question-choice  ' dir='auto' ><input type='checkbox' name='answer-248[]' id='answer-id-827' class='answer   answerof-248 ' value='827'   \/><label for='answer-id-827' id='answer-label-827' class=' answer'><span>Elle lui para\u00eet inopportune<\/span><\/label><\/div><div class='watupro-question-choice  ' dir='auto' ><input type='checkbox' name='answer-248[]' id='answer-id-828' class='answer   answerof-248 ' value='828'   \/><label for='answer-id-828' id='answer-label-828' class=' answer'><span>Elle n'a pas \u00e9t\u00e9 traduite en anglais<\/span><\/label><\/div><div class='watupro-question-choice  ' dir='auto' ><input type='checkbox' name='answer-248[]' id='answer-id-829' class='answer   answerof-248 ' value='829'   \/><label for='answer-id-829' id='answer-label-829' class=' answer'><span>Elle est entach\u00e9e d'ill\u00e9galit\u00e9 manifeste<\/span><\/label><\/div><div class='watupro-question-choice  ' dir='auto' ><input type='checkbox' name='answer-248[]' id='answer-id-830' class='answer   answerof-248 ' value='830'   \/><label for='answer-id-830' id='answer-label-830' class=' answer'><span>Elle n'a pas \u00e9t\u00e9 publi\u00e9e au JO<\/span><\/label><\/div><!-- end question-choices--><\/div><!-- end questionWrap--><\/div><\/div><div class='watu-question ' id='question-6' style=';'><div id='questionWrap-6'  class='   watupro-question-id-249'>\n\t\t\t<div class='question-content'><div><span class='watupro_num'>6. <\/span>Combien de sessions ordinaires au minimum un conseil municipal doit-il tenir chaque ann\u00e9e ?<\/div><input type='hidden' name='question_id[]' id='qID_6' value='249' class='watupro-question-id'\/><input type='hidden' id='answerType249' class='answerTypeCnt6' value='checkbox'><!-- end question-content--><\/div><div class='question-choices watupro-choices-columns '  id='questionChoices249'><div class='watupro-question-choice  ' dir='auto' ><input type='checkbox' name='answer-249[]' id='answer-id-831' class='answer   answerof-249 ' value='831'   \/><label for='answer-id-831' id='answer-label-831' class=' answer'><span>1<\/span><\/label><\/div><div class='watupro-question-choice  ' dir='auto' ><input type='checkbox' name='answer-249[]' id='answer-id-832' class='answer   answerof-249 ' value='832'   \/><label for='answer-id-832' id='answer-label-832' class=' answer'><span>2<\/span><\/label><\/div><div class='watupro-question-choice  ' dir='auto' ><input type='checkbox' name='answer-249[]' id='answer-id-833' class='answer   answerof-249 ' value='833'   \/><label for='answer-id-833' id='answer-label-833' class=' answer'><span>4<\/span><\/label><\/div><div class='watupro-question-choice  ' dir='auto' ><input type='checkbox' name='answer-249[]' id='answer-id-834' class='answer   answerof-249 ' value='834'   \/><label for='answer-id-834' id='answer-label-834' class=' answer'><span>6<\/span><\/label><\/div><!-- end question-choices--><\/div><!-- end questionWrap--><\/div><\/div><div class='watu-question ' id='question-7' style=';'><div id='questionWrap-7'  class='   watupro-question-id-250'>\n\t\t\t<div class='question-content'><div><span class='watupro_num'>7. <\/span>Qui peut convoquer une session extraordinaire ?<\/div><input type='hidden' name='question_id[]' id='qID_7' value='250' class='watupro-question-id'\/><input type='hidden' id='answerType250' class='answerTypeCnt7' value='checkbox'><!-- end question-content--><\/div><div class='question-choices watupro-choices-columns '  id='questionChoices250'><div class='watupro-question-choice  ' dir='auto' ><input type='checkbox' name='answer-250[]' id='answer-id-835' class='answer   answerof-250 ' value='835'   \/><label for='answer-id-835' id='answer-label-835' class=' answer'><span>Le maire uniquement<\/span><\/label><\/div><div class='watupro-question-choice  ' dir='auto' ><input type='checkbox' name='answer-250[]' id='answer-id-836' class='answer   answerof-250 ' value='836'   \/><label for='answer-id-836' id='answer-label-836' class=' answer'><span>Le maire, un tiers des conseillers ou le pr\u00e9fet<\/span><\/label><\/div><div class='watupro-question-choice  ' dir='auto' ><input type='checkbox' name='answer-250[]' id='answer-id-837' class='answer   answerof-250 ' value='837'   \/><label for='answer-id-837' id='answer-label-837' class=' answer'><span>Le ministre des collectivit\u00e9s territoriales<\/span><\/label><\/div><div class='watupro-question-choice  ' dir='auto' ><input type='checkbox' name='answer-250[]' id='answer-id-838' class='answer   answerof-250 ' value='838'   \/><label for='answer-id-838' id='answer-label-838' class=' answer'><span>Le pr\u00e9sident du conseil r\u00e9gional<\/span><\/label><\/div><!-- end question-choices--><\/div><!-- end questionWrap--><\/div><\/div><div class='watu-question ' id='question-8' style=';'><div id='questionWrap-8'  class='   watupro-question-id-251'>\n\t\t\t<div class='question-content'><div><span class='watupro_num'>8. <\/span>En cas de blocage persistant du conseil (pas de quorum pendant 6 mois), l'autorit\u00e9 comp\u00e9tente pour dissoudre est :<\/div><input type='hidden' name='question_id[]' id='qID_8' value='251' class='watupro-question-id'\/><input type='hidden' id='answerType251' class='answerTypeCnt8' value='checkbox'><!-- end question-content--><\/div><div class='question-choices watupro-choices-columns '  id='questionChoices251'><div class='watupro-question-choice  ' dir='auto' ><input type='checkbox' name='answer-251[]' id='answer-id-839' class='answer   answerof-251 ' value='839'   \/><label for='answer-id-839' id='answer-label-839' class=' answer'><span>Le pr\u00e9fet d'office<\/span><\/label><\/div><div class='watupro-question-choice  ' dir='auto' ><input type='checkbox' name='answer-251[]' id='answer-id-840' class='answer   answerof-251 ' value='840'   \/><label for='answer-id-840' id='answer-label-840' class=' answer'><span>Le ministre de l'Administration territoriale<\/span><\/label><\/div><div class='watupro-question-choice  ' dir='auto' ><input type='checkbox' name='answer-251[]' id='answer-id-841' class='answer   answerof-251 ' value='841'   \/><label for='answer-id-841' id='answer-label-841' class=' answer'><span>Le pr\u00e9sident de la R\u00e9publique sur proposition motiv\u00e9e<\/span><\/label><\/div><div class='watupro-question-choice  ' dir='auto' ><input type='checkbox' name='answer-251[]' id='answer-id-842' class='answer   answerof-251 ' value='842'   \/><label for='answer-id-842' id='answer-label-842' class=' answer'><span>Le tribunal administratif<\/span><\/label><\/div><!-- end question-choices--><\/div><!-- end questionWrap--><\/div><\/div><div class='watu-question ' id='question-9' style=';'><div id='questionWrap-9'  class='   watupro-question-id-252'>\n\t\t\t<div class='question-content'><div><span class='watupro_num'>9. <\/span>Apr\u00e8s dissolution, la gestion provisoire de la commune est assur\u00e9e par :<\/div><input type='hidden' name='question_id[]' id='qID_9' value='252' class='watupro-question-id'\/><input type='hidden' id='answerType252' class='answerTypeCnt9' value='checkbox'><!-- end question-content--><\/div><div class='question-choices watupro-choices-columns '  id='questionChoices252'><div class='watupro-question-choice  ' dir='auto' ><input type='checkbox' name='answer-252[]' id='answer-id-843' class='answer   answerof-252 ' value='843'   \/><label for='answer-id-843' id='answer-label-843' class=' answer'><span>Le pr\u00e9fet seul<\/span><\/label><\/div><div class='watupro-question-choice  ' dir='auto' ><input type='checkbox' name='answer-252[]' id='answer-id-844' class='answer   answerof-252 ' value='844'   \/><label for='answer-id-844' id='answer-label-844' class=' answer'><span>Une d\u00e9l\u00e9gation sp\u00e9ciale<\/span><\/label><\/div><div class='watupro-question-choice  ' dir='auto' ><input type='checkbox' name='answer-252[]' id='answer-id-845' class='answer   answerof-252 ' value='845'   \/><label for='answer-id-845' id='answer-label-845' class=' answer'><span>Le pr\u00e9sident du conseil r\u00e9gional<\/span><\/label><\/div><div class='watupro-question-choice  ' dir='auto' ><input type='checkbox' name='answer-252[]' id='answer-id-846' class='answer   answerof-252 ' value='846'   \/><label for='answer-id-846' id='answer-label-846' class=' answer'><span>Un administrateur ad hoc nomm\u00e9 par le Premier ministre<\/span><\/label><\/div><!-- end question-choices--><\/div><!-- end questionWrap--><\/div><\/div><div class='watu-question ' id='question-10' style=';'><div id='questionWrap-10'  class='   watupro-question-id-253'>\n\t\t\t<div class='question-content'><div><span class='watupro_num'>10. <\/span>Une d\u00e9lib\u00e9ration devient ex\u00e9cutoire :<\/div><input type='hidden' name='question_id[]' id='qID_10' value='253' class='watupro-question-id'\/><input type='hidden' id='answerType253' class='answerTypeCnt10' value='checkbox'><!-- end question-content--><\/div><div class='question-choices watupro-choices-columns '  id='questionChoices253'><div class='watupro-question-choice  ' dir='auto' ><input type='checkbox' name='answer-253[]' id='answer-id-847' class='answer   answerof-253 ' value='847'   \/><label for='answer-id-847' id='answer-label-847' class=' answer'><span>D\u00e8s le vote au conseil<\/span><\/label><\/div><div class='watupro-question-choice  ' dir='auto' ><input type='checkbox' name='answer-253[]' id='answer-id-848' class='answer   answerof-253 ' value='848'   \/><label for='answer-id-848' id='answer-label-848' class=' answer'><span>Apr\u00e8s signature du maire uniquement<\/span><\/label><\/div><div class='watupro-question-choice  ' dir='auto' ><input type='checkbox' name='answer-253[]' id='answer-id-849' class='answer   answerof-253 ' value='849'   \/><label for='answer-id-849' id='answer-label-849' class=' answer'><span>Une fois que le pr\u00e9fet ne l'a pas annul\u00e9e dans le d\u00e9lai l\u00e9gal (15 jours)<\/span><\/label><\/div><div class='watupro-question-choice  ' dir='auto' ><input type='checkbox' name='answer-253[]' id='answer-id-850' class='answer   answerof-253 ' value='850'   \/><label for='answer-id-850' id='answer-label-850' class=' answer'><span>Apr\u00e8s publication au Journal officiel<\/span><\/label><\/div><!-- end question-choices--><\/div><!-- end questionWrap--><\/div><\/div><div class='watu-question ' id='question-11' style=';'><div id='questionWrap-11'  class='   watupro-question-id-254'>\n\t\t\t<div class='question-content'><div><span class='watupro_num'>11. <\/span>Quelle est la dur\u00e9e l\u00e9gale du mandat d'un conseiller municipal ?<\/div><input type='hidden' name='question_id[]' id='qID_11' value='254' class='watupro-question-id'\/><input type='hidden' id='answerType254' class='answerTypeCnt11' value='checkbox'><!-- end question-content--><\/div><div class='question-choices watupro-choices-columns '  id='questionChoices254'><div class='watupro-question-choice  ' dir='auto' ><input type='checkbox' name='answer-254[]' id='answer-id-851' class='answer   answerof-254 ' value='851'   \/><label for='answer-id-851' id='answer-label-851' class=' answer'><span>4 ans<\/span><\/label><\/div><div class='watupro-question-choice  ' dir='auto' ><input type='checkbox' name='answer-254[]' id='answer-id-852' class='answer   answerof-254 ' value='852'   \/><label for='answer-id-852' id='answer-label-852' class=' answer'><span>5 ans<\/span><\/label><\/div><div class='watupro-question-choice  ' dir='auto' ><input type='checkbox' name='answer-254[]' id='answer-id-853' class='answer   answerof-254 ' value='853'   \/><label for='answer-id-853' id='answer-label-853' class=' answer'><span>6 ans<\/span><\/label><\/div><div class='watupro-question-choice  ' dir='auto' ><input type='checkbox' name='answer-254[]' id='answer-id-854' class='answer   answerof-254 ' value='854'   \/><label for='answer-id-854' id='answer-label-854' class=' answer'><span>7 ans<\/span><\/label><\/div><!-- end question-choices--><\/div><!-- end questionWrap--><\/div><\/div><div class='watu-question ' id='question-12' style=';'><div id='questionWrap-12'  class='   watupro-question-id-255'>\n\t\t\t<div class='question-content'><div><span class='watupro_num'>12. <\/span>Le conseil municipal peut-il refuser d'approuver un contrat sign\u00e9 par le maire ?<\/div><input type='hidden' name='question_id[]' id='qID_12' value='255' class='watupro-question-id'\/><input type='hidden' id='answerType255' class='answerTypeCnt12' value='checkbox'><!-- end question-content--><\/div><div class='question-choices watupro-choices-columns '  id='questionChoices255'><div class='watupro-question-choice  ' dir='auto' ><input type='checkbox' name='answer-255[]' id='answer-id-855' class='answer   answerof-255 ' value='855'   \/><label for='answer-id-855' id='answer-label-855' class=' answer'><span>Non, le maire est seul comp\u00e9tent<\/span><\/label><\/div><div class='watupro-question-choice  ' dir='auto' ><input type='checkbox' name='answer-255[]' id='answer-id-856' class='answer   answerof-255 ' value='856'   \/><label for='answer-id-856' id='answer-label-856' class=' answer'><span>Oui, s'il estime le prix excessif ou la proc\u00e9dure irr\u00e9guli\u00e8re<\/span><\/label><\/div><div class='watupro-question-choice  ' dir='auto' ><input type='checkbox' name='answer-255[]' id='answer-id-857' class='answer   answerof-255 ' value='857'   \/><label for='answer-id-857' id='answer-label-857' class=' answer'><span>Seulement si le pr\u00e9fet l'y invite<\/span><\/label><\/div><div class='watupro-question-choice  ' dir='auto' ><input type='checkbox' name='answer-255[]' id='answer-id-858' class='answer   answerof-255 ' value='858'   \/><label for='answer-id-858' id='answer-label-858' class=' answer'><span>Non, sauf avis contraire du tribunal<\/span><\/label><\/div><!-- end question-choices--><\/div><!-- end questionWrap--><\/div><\/div><div class='watu-question ' id='question-13' style=';'><div id='questionWrap-13'  class='   watupro-question-id-256'>\n\t\t\t<div class='question-content'><div><span class='watupro_num'>13. <\/span>Parmi les causes suivantes, laquelle entra\u00eene automatiquement la perte du mandat d'un conseiller ?<\/div><input type='hidden' name='question_id[]' id='qID_13' value='256' class='watupro-question-id'\/><input type='hidden' id='answerType256' class='answerTypeCnt13' value='checkbox'><!-- end question-content--><\/div><div class='question-choices watupro-choices-columns '  id='questionChoices256'><div class='watupro-question-choice  ' dir='auto' ><input type='checkbox' name='answer-256[]' id='answer-id-859' class='answer   answerof-256 ' value='859'   \/><label for='answer-id-859' id='answer-label-859' class=' answer'><span>Changement de parti politique<\/span><\/label><\/div><div class='watupro-question-choice  ' dir='auto' ><input type='checkbox' name='answer-256[]' id='answer-id-860' class='answer   answerof-256 ' value='860'   \/><label for='answer-id-860' id='answer-label-860' class=' answer'><span>Absence \u00e0 trois sessions cons\u00e9cutives non justifi\u00e9es<\/span><\/label><\/div><div class='watupro-question-choice  ' dir='auto' ><input type='checkbox' name='answer-256[]' id='answer-id-861' class='answer   answerof-256 ' value='861'   \/><label for='answer-id-861' id='answer-label-861' class=' answer'><span>Vote contre le budget<\/span><\/label><\/div><div class='watupro-question-choice  ' dir='auto' ><input type='checkbox' name='answer-256[]' id='answer-id-862' class='answer   answerof-256 ' value='862'   \/><label for='answer-id-862' id='answer-label-862' class=' answer'><span>D\u00e9placement \u00e0 l'\u00e9tranger<\/span><\/label><\/div><!-- end question-choices--><\/div><!-- end questionWrap--><\/div><\/div><div class='watu-question ' id='question-14' style=';'><div id='questionWrap-14'  class='   watupro-question-id-257'>\n\t\t\t<div class='question-content'><div><span class='watupro_num'>14. <\/span>Le proc\u00e8s-verbal d'une s\u00e9ance est sign\u00e9 par :<\/div><input type='hidden' name='question_id[]' id='qID_14' value='257' class='watupro-question-id'\/><input type='hidden' id='answerType257' class='answerTypeCnt14' value='checkbox'><!-- end question-content--><\/div><div class='question-choices watupro-choices-columns '  id='questionChoices257'><div class='watupro-question-choice  ' dir='auto' ><input type='checkbox' name='answer-257[]' id='answer-id-863' class='answer   answerof-257 ' value='863'   \/><label for='answer-id-863' id='answer-label-863' class=' answer'><span>Le pr\u00e9fet et le maire<\/span><\/label><\/div><div class='watupro-question-choice  ' dir='auto' ><input type='checkbox' name='answer-257[]' id='answer-id-864' class='answer   answerof-257 ' value='864'   \/><label for='answer-id-864' id='answer-label-864' class=' answer'><span>Le maire et les secr\u00e9taires de s\u00e9ance<\/span><\/label><\/div><div class='watupro-question-choice  ' dir='auto' ><input type='checkbox' name='answer-257[]' id='answer-id-865' class='answer   answerof-257 ' value='865'   \/><label for='answer-id-865' id='answer-label-865' class=' answer'><span>Tous les conseillers pr\u00e9sents<\/span><\/label><\/div><div class='watupro-question-choice  ' dir='auto' ><input type='checkbox' name='answer-257[]' id='answer-id-866' class='answer   answerof-257 ' value='866'   \/><label for='answer-id-866' id='answer-label-866' class=' answer'><span>Le greffier du tribunal<\/span><\/label><\/div><!-- end question-choices--><\/div><!-- end questionWrap--><\/div><\/div><div class='watu-question ' id='question-15' style=';'><div id='questionWrap-15'  class='   watupro-question-id-258'>\n\t\t\t<div class='question-content'><div><span class='watupro_num'>15. <\/span>Le conseil municipal adopte le Plan communal de d\u00e9veloppement (PCD) par :<\/div><input type='hidden' name='question_id[]' id='qID_15' value='258' class='watupro-question-id'\/><input type='hidden' id='answerType258' class='answerTypeCnt15' value='checkbox'><!-- end question-content--><\/div><div class='question-choices watupro-choices-columns '  id='questionChoices258'><div class='watupro-question-choice  ' dir='auto' ><input type='checkbox' name='answer-258[]' id='answer-id-867' class='answer   answerof-258 ' value='867'   \/><label for='answer-id-867' id='answer-label-867' class=' answer'><span>Ordonnance du maire<\/span><\/label><\/div><div class='watupro-question-choice  ' dir='auto' ><input type='checkbox' name='answer-258[]' id='answer-id-868' class='answer   answerof-258 ' value='868'   \/><label for='answer-id-868' id='answer-label-868' class=' answer'><span>D\u00e9lib\u00e9ration<\/span><\/label><\/div><div class='watupro-question-choice  ' dir='auto' ><input type='checkbox' name='answer-258[]' id='answer-id-869' class='answer   answerof-258 ' value='869'   \/><label for='answer-id-869' id='answer-label-869' class=' answer'><span>Arr\u00eat\u00e9 pr\u00e9fectoral<\/span><\/label><\/div><div class='watupro-question-choice  ' dir='auto' ><input type='checkbox' name='answer-258[]' id='answer-id-870' class='answer   answerof-258 ' value='870'   \/><label for='answer-id-870' id='answer-label-870' class=' answer'><span>D\u00e9cret du Premier ministre<\/span><\/label><\/div><!-- end question-choices--><\/div><!-- end questionWrap--><\/div><\/div><div class='watu-question ' id='question-16' style=';'><div id='questionWrap-16'  class='   watupro-question-id-259'>\n\t\t\t<div class='question-content'><div><span class='watupro_num'>16. <\/span>Le pr\u00e9fet peut-il modifier le budget communal vot\u00e9 ?<\/div><input type='hidden' name='question_id[]' id='qID_16' value='259' class='watupro-question-id'\/><input type='hidden' id='answerType259' class='answerTypeCnt16' value='checkbox'><!-- end question-content--><\/div><div class='question-choices watupro-choices-columns '  id='questionChoices259'><div class='watupro-question-choice  ' dir='auto' ><input type='checkbox' name='answer-259[]' id='answer-id-871' class='answer   answerof-259 ' value='871'   \/><label for='answer-id-871' id='answer-label-871' class=' answer'><span>Oui, il peut rectifier les montants<\/span><\/label><\/div><div class='watupro-question-choice  ' dir='auto' ><input type='checkbox' name='answer-259[]' id='answer-id-872' class='answer   answerof-259 ' value='872'   \/><label for='answer-id-872' id='answer-label-872' class=' answer'><span>Il peut seulement le suspendre ou demander une d\u00e9lib\u00e9ration compl\u00e9mentaire<\/span><\/label><\/div><div class='watupro-question-choice  ' dir='auto' ><input type='checkbox' name='answer-259[]' id='answer-id-873' class='answer   answerof-259 ' value='873'   \/><label for='answer-id-873' id='answer-label-873' class=' answer'><span>Il le r\u00e9\u00e9crit en totalit\u00e9<\/span><\/label><\/div><div class='watupro-question-choice  ' dir='auto' ><input type='checkbox' name='answer-259[]' id='answer-id-874' class='answer   answerof-259 ' value='874'   \/><label for='answer-id-874' id='answer-label-874' class=' answer'><span>Il le soumet au vote du conseil r\u00e9gional<\/span><\/label><\/div><!-- end question-choices--><\/div><!-- end questionWrap--><\/div><\/div><div class='watu-question ' id='question-17' style=';'><div id='questionWrap-17'  class='   watupro-question-id-260'>\n\t\t\t<div class='question-content'><div><span class='watupro_num'>17. <\/span>Quel pourcentage minimal de conseillers peut demander la convocation d'une session extraordinaire ?<\/div><input type='hidden' name='question_id[]' id='qID_17' value='260' class='watupro-question-id'\/><input type='hidden' id='answerType260' class='answerTypeCnt17' value='checkbox'><!-- end question-content--><\/div><div class='question-choices watupro-choices-columns '  id='questionChoices260'><div class='watupro-question-choice  ' dir='auto' ><input type='checkbox' name='answer-260[]' id='answer-id-875' class='answer   answerof-260 ' value='875'   \/><label for='answer-id-875' id='answer-label-875' class=' answer'><span>10 %<\/span><\/label><\/div><div class='watupro-question-choice  ' dir='auto' ><input type='checkbox' name='answer-260[]' id='answer-id-876' class='answer   answerof-260 ' value='876'   \/><label for='answer-id-876' id='answer-label-876' class=' answer'><span>20 %<\/span><\/label><\/div><div class='watupro-question-choice  ' dir='auto' ><input type='checkbox' name='answer-260[]' id='answer-id-877' class='answer   answerof-260 ' value='877'   \/><label for='answer-id-877' id='answer-label-877' class=' answer'><span>33 % (un tiers)<\/span><\/label><\/div><div class='watupro-question-choice  ' dir='auto' ><input type='checkbox' name='answer-260[]' id='answer-id-878' class='answer   answerof-260 ' value='878'   \/><label for='answer-id-878' id='answer-label-878' class=' answer'><span>51 %<\/span><\/label><\/div><!-- end question-choices--><\/div><!-- end questionWrap--><\/div><\/div><div class='watu-question ' id='question-18' style=';'><div id='questionWrap-18'  class='   watupro-question-id-261'>\n\t\t\t<div class='question-content'><div><span class='watupro_num'>18. <\/span>Une d\u00e9lib\u00e9ration relative \u00e0 la vente d'un bien communal doit obligatoirement :<\/div><input type='hidden' name='question_id[]' id='qID_18' value='261' class='watupro-question-id'\/><input type='hidden' id='answerType261' class='answerTypeCnt18' value='checkbox'><!-- end question-content--><\/div><div class='question-choices watupro-choices-columns '  id='questionChoices261'><div class='watupro-question-choice  ' dir='auto' ><input type='checkbox' name='answer-261[]' id='answer-id-879' class='answer   answerof-261 ' value='879'   \/><label for='answer-id-879' id='answer-label-879' class=' answer'><span>\u00catre ratifi\u00e9e par le pr\u00e9sident de la R\u00e9publique<\/span><\/label><\/div><div class='watupro-question-choice  ' dir='auto' ><input type='checkbox' name='answer-261[]' id='answer-id-880' class='answer   answerof-261 ' value='880'   \/><label for='answer-id-880' id='answer-label-880' class=' answer'><span>Respecter les r\u00e8gles des march\u00e9s publics et \u00eatre soumise \u00e0 contr\u00f4le de l\u00e9galit\u00e9<\/span><\/label><\/div><div class='watupro-question-choice  ' dir='auto' ><input type='checkbox' name='answer-261[]' id='answer-id-881' class='answer   answerof-261 ' value='881'   \/><label for='answer-id-881' id='answer-label-881' class=' answer'><span>\u00catre affich\u00e9e dans chaque village<\/span><\/label><\/div><div class='watupro-question-choice  ' dir='auto' ><input type='checkbox' name='answer-261[]' id='answer-id-882' class='answer   answerof-261 ' value='882'   \/><label for='answer-id-882' id='answer-label-882' class=' answer'><span>\u00catre traduite en langues locales<\/span><\/label><\/div><!-- end question-choices--><\/div><!-- end questionWrap--><\/div><\/div><div class='watu-question ' id='question-19' style=';'><div id='questionWrap-19'  class='   watupro-question-id-262'>\n\t\t\t<div class='question-content'><div><span class='watupro_num'>19. <\/span>En cas de vacance du si\u00e8ge d'un conseiller, son rempla\u00e7ant est :<\/div><input type='hidden' name='question_id[]' id='qID_19' value='262' class='watupro-question-id'\/><input type='hidden' id='answerType262' class='answerTypeCnt19' value='checkbox'><!-- end question-content--><\/div><div class='question-choices watupro-choices-columns '  id='questionChoices262'><div class='watupro-question-choice  ' dir='auto' ><input type='checkbox' name='answer-262[]' id='answer-id-883' class='answer   answerof-262 ' value='883'   \/><label for='answer-id-883' id='answer-label-883' class=' answer'><span>D\u00e9sign\u00e9 par le pr\u00e9fet<\/span><\/label><\/div><div class='watupro-question-choice  ' dir='auto' ><input type='checkbox' name='answer-262[]' id='answer-id-884' class='answer   answerof-262 ' value='884'   \/><label for='answer-id-884' id='answer-label-884' class=' answer'><span>Le premier non-\u00e9lu sur la m\u00eame liste (suppl\u00e9ant)<\/span><\/label><\/div><div class='watupro-question-choice  ' dir='auto' ><input type='checkbox' name='answer-262[]' id='answer-id-885' class='answer   answerof-262 ' value='885'   \/><label for='answer-id-885' id='answer-label-885' class=' answer'><span>Choisit par le maire<\/span><\/label><\/div><div class='watupro-question-choice  ' dir='auto' ><input type='checkbox' name='answer-262[]' id='answer-id-886' class='answer   answerof-262 ' value='886'   \/><label for='answer-id-886' id='answer-label-886' class=' answer'><span>Tir\u00e9 au sort parmi les \u00e9lecteurs<\/span><\/label><\/div><!-- end question-choices--><\/div><!-- end questionWrap--><\/div><\/div><div class='watu-question ' id='question-20' style=';'><div id='questionWrap-20'  class='   watupro-question-id-263'>\n\t\t\t<div class='question-content'><div><span class='watupro_num'>20. <\/span>Laquelle des affirmations suivantes sur la tutelle est exacte ?<\/div><input type='hidden' name='question_id[]' id='qID_20' value='263' class='watupro-question-id'\/><input type='hidden' id='answerType263' class='answerTypeCnt20' value='checkbox'><!-- end question-content--><\/div><div class='question-choices watupro-choices-columns '  id='questionChoices263'><div class='watupro-question-choice  ' dir='auto' ><input type='checkbox' name='answer-263[]' id='answer-id-887' class='answer   answerof-263 ' value='887'   \/><label for='answer-id-887' id='answer-label-887' class=' answer'><span>Le pr\u00e9fet peut imposer son ordre du jour au conseil<\/span><\/label><\/div><div class='watupro-question-choice  ' dir='auto' ><input type='checkbox' name='answer-263[]' id='answer-id-888' class='answer   answerof-263 ' value='888'   \/><label for='answer-id-888' id='answer-label-888' class=' answer'><span>Le pr\u00e9fet substitue son appr\u00e9ciation politique \u00e0 celle des \u00e9lus<\/span><\/label><\/div><div class='watupro-question-choice  ' dir='auto' ><input type='checkbox' name='answer-263[]' id='answer-id-889' class='answer   answerof-263 ' value='889'   \/><label for='answer-id-889' id='answer-label-889' class=' answer'><span>Le pr\u00e9fet contr\u00f4le a posteriori la l\u00e9galit\u00e9 des actes sans juger de leur opportunit\u00e9<\/span><\/label><\/div><div class='watupro-question-choice  ' dir='auto' ><input type='checkbox' name='answer-263[]' id='answer-id-890' class='answer   answerof-263 ' value='890'   \/><label for='answer-id-890' id='answer-label-890' class=' answer'><span>Le pr\u00e9fet vote les d\u00e9lib\u00e9rations en s\u00e9ance<\/span><\/label><\/div><!-- end question-choices--><\/div><!-- end questionWrap--><\/div><\/div><div style='display:none' id='question-21'>\n\t<div class='question-content'>\n\t\t<img decoding=\"async\" src=\"https:\/\/elearning.nasla.cm\/wp-content\/plugins\/watupro\/img\/loading.gif\" width=\"16\" height=\"16\" alt=\"Loading...\" title=\"Loading...\" \/>&nbsp;Loading...\t<\/div>\n<\/div>\n\n<br \/>\n\t\n\t\t\t<div class=\"watupro_buttons flex \" id=\"watuPROButtons26\" >\n\t\t  <div id=\"prev-question\" style=\"display:none;\"><input type=\"button\" value=\"&lt; Previous\" onclick=\"WatuPRO.nextQuestion(event, 'previous');\"\/><\/div>\t\t  \t\t  \t\t   \n\t\t   \t  \t\t<div><input type=\"button\" name=\"action\" class=\"watupro-submit-button\" onclick=\"WatuPRO.submitResult(event)\" id=\"action-button\" value=\"View Results\"  \/>\n\t\t<\/div>\n\t\t<\/div>\n\t\t\n\t<input type=\"hidden\" name=\"quiz_id\" value=\"26\" id=\"watuPROExamID\"\/>\n\t<input type=\"hidden\" name=\"start_time\" id=\"startTime\" value=\"2026-04-30 02:28:25\" \/>\n\t<input type=\"hidden\" name=\"start_timestamp\" id=\"startTimeStamp\" value=\"1777516105\" \/>\n\t<input type=\"hidden\" name=\"question_ids\" value=\"\" \/>\n\t<input type=\"hidden\" name=\"watupro_questions\" value=\"244:811,812,813,814 | 245:815,816,817,818 | 246:819,820,821,822 | 247:823,824,825,826 | 248:827,828,829,830 | 249:831,832,833,834 | 250:835,836,837,838 | 251:839,840,841,842 | 252:843,844,845,846 | 253:847,848,849,850 | 254:851,852,853,854 | 255:855,856,857,858 | 256:859,860,861,862 | 257:863,864,865,866 | 258:867,868,869,870 | 259:871,872,873,874 | 260:875,876,877,878 | 261:879,880,881,882 | 262:883,884,885,886 | 263:887,888,889,890\" \/>\n\t<input type=\"hidden\" name=\"no_ajax\" value=\"0\">\t\t\t<\/form>\n\t<p>&nbsp;<\/p>\n<\/div>\n\n<script type=\"text\/javascript\">\n\/\/jQuery(document).ready(function(){\ndocument.addEventListener(\"DOMContentLoaded\", function(event) { \t\nvar question_ids = \"244,245,246,247,248,249,250,251,252,253,254,255,256,257,258,259,260,261,262,263\";\nWatuPROSettings[26] = {};\nWatuPRO.qArr = question_ids.split(',');\nWatuPRO.exam_id = 26;\t    \nWatuPRO.post_id = 14398;\nWatuPRO.store_progress = 0;\nWatuPRO.curCatPage = 1;\nWatuPRO.requiredIDs=\"0\".split(\",\");\nWatuPRO.hAppID = \"0.52134400 1777512505\";\nvar url = \"https:\/\/elearning.nasla.cm\/wp-content\/plugins\/watupro\/show_exam.php\";\nWatuPRO.examMode = 1;\nWatuPRO.siteURL=\"https:\/\/elearning.nasla.cm\/wp-admin\/admin-ajax.php\";\nWatuPRO.emailIsNotRequired = 0;\nWatuPRO.perDecade = 10;\nWatuPROIntel.init(26);\nWatuPRO.inCategoryPages=1;});    \t \n<\/script>\n\n","protected":false},"excerpt":{"rendered":"","protected":false},"author":1,"featured_media":0,"parent":0,"menu_order":0,"comment_status":"closed","ping_status":"closed","template":"","meta":{"_acf_changed":false,"footnotes":""},"class_list":["post-14398","page","type-page","status-publish","hentry"],"acf":[],"_links":{"self":[{"href":"https:\/\/elearning.nasla.cm\/index.php\/wp-json\/wp\/v2\/pages\/14398","targetHints":{"allow":["GET"]}}],"collection":[{"href":"https:\/\/elearning.nasla.cm\/index.php\/wp-json\/wp\/v2\/pages"}],"about":[{"href":"https:\/\/elearning.nasla.cm\/index.php\/wp-json\/wp\/v2\/types\/page"}],"author":[{"embeddable":true,"href":"https:\/\/elearning.nasla.cm\/index.php\/wp-json\/wp\/v2\/users\/1"}],"replies":[{"embeddable":true,"href":"https:\/\/elearning.nasla.cm\/index.php\/wp-json\/wp\/v2\/comments?post=14398"}],"version-history":[{"count":0,"href":"https:\/\/elearning.nasla.cm\/index.php\/wp-json\/wp\/v2\/pages\/14398\/revisions"}],"wp:attachment":[{"href":"https:\/\/elearning.nasla.cm\/index.php\/wp-json\/wp\/v2\/media?parent=14398"}],"curies":[{"name":"wp","href":"https:\/\/api.w.org\/{rel}","templated":true}]}}