{"id":14403,"date":"2025-11-27T11:56:18","date_gmt":"2025-11-27T10:56:18","guid":{"rendered":"https:\/\/elearning.nasla.cm\/index.php\/organisation-et-fonctionnement-de-la-commune-quiz-sequence-03\/"},"modified":"2025-11-27T11:56:18","modified_gmt":"2025-11-27T10:56:18","slug":"organisation-et-fonctionnement-de-la-commune-quiz-sequence-03","status":"publish","type":"page","link":"https:\/\/elearning.nasla.cm\/index.php\/organisation-et-fonctionnement-de-la-commune-quiz-sequence-03\/","title":{"rendered":"Organisation et Fonctionnement de la Commune: Quiz s\u00e9quence 03"},"content":{"rendered":"<script type=\"text\/javascript\" >\ndocument.addEventListener(\"DOMContentLoaded\", function(event) { \nif(!window.jQuery) alert(\"The important jQuery library is not properly loaded in your site. Your WordPress theme is probably missing the essential wp_head() call. You can switch to another theme and you will see that the plugin works fine and this notice disappears. If you are still not sure what to do you can contact us for help.\");\n});\n<\/script>  \n  \n<div  id=\"watupro_quiz\" class=\"quiz-area single-page-quiz\">\n<p id=\"submittingExam25\" style=\"display:none;text-align:center;\"><img decoding=\"async\" src=\"https:\/\/elearning.nasla.cm\/wp-content\/plugins\/watupro\/img\/loading.gif\" width=\"16\" height=\"16\"><\/p>\n\n\n\n<form action=\"\" method=\"post\" class=\"quiz-form\" id=\"quiz-25\"  enctype=\"multipart\/form-data\" >\n<div class='watu-question ' id='question-1' style=';'><div id='questionWrap-1'  class='   watupro-question-id-264'>\n\t\t\t<div class='question-content'><div><span class='watupro_num'>1. <\/span>Quel est le fondement juridique principal r\u00e9gissant l'\u00e9lection et les attributions du maire ?<\/div><input type='hidden' name='question_id[]' id='qID_1' value='264' class='watupro-question-id'\/><input type='hidden' id='answerType264' class='answerTypeCnt1' value='checkbox'><!-- end question-content--><\/div><div class='question-choices watupro-choices-columns '  id='questionChoices264'><div class='watupro-question-choice  ' dir='auto' ><input type='checkbox' name='answer-264[]' id='answer-id-891' class='answer   answerof-264 ' value='891'   \/><label for='answer-id-891' id='answer-label-891' class=' answer'><span>Le Code \u00e9lectoral<\/span><\/label><\/div><div class='watupro-question-choice  ' dir='auto' ><input type='checkbox' name='answer-264[]' id='answer-id-892' class='answer   answerof-264 ' value='892'   \/><label for='answer-id-892' id='answer-label-892' class=' answer'><span>Le Code g\u00e9n\u00e9ral des Collectivit\u00e9s Territoriales D\u00e9centralis\u00e9es (CGCTD)<\/span><\/label><\/div><div class='watupro-question-choice  ' dir='auto' ><input type='checkbox' name='answer-264[]' id='answer-id-893' class='answer   answerof-264 ' value='893'   \/><label for='answer-id-893' id='answer-label-893' class=' answer'><span>La Constitution uniquement<\/span><\/label><\/div><div class='watupro-question-choice  ' dir='auto' ><input type='checkbox' name='answer-264[]' id='answer-id-894' class='answer   answerof-264 ' value='894'   \/><label for='answer-id-894' id='answer-label-894' class=' answer'><span>Les d\u00e9crets pr\u00e9fectoraux<\/span><\/label><\/div><!-- end question-choices--><\/div><!-- end questionWrap--><\/div><\/div><div class='watu-question ' id='question-2' style=';'><div id='questionWrap-2'  class='   watupro-question-id-265'>\n\t\t\t<div class='question-content'><div><span class='watupro_num'>2. <\/span>Qui \u00e9lit le maire de ville d'une communaut\u00e9 urbaine ?<\/div><input type='hidden' name='question_id[]' id='qID_2' value='265' class='watupro-question-id'\/><input type='hidden' id='answerType265' class='answerTypeCnt2' value='checkbox'><!-- end question-content--><\/div><div class='question-choices watupro-choices-columns '  id='questionChoices265'><div class='watupro-question-choice  ' dir='auto' ><input type='checkbox' name='answer-265[]' id='answer-id-895' class='answer   answerof-265 ' value='895'   \/><label for='answer-id-895' id='answer-label-895' class=' answer'><span>Les conseillers municipaux d'une seule commune d'arrondissement<\/span><\/label><\/div><div class='watupro-question-choice  ' dir='auto' ><input type='checkbox' name='answer-265[]' id='answer-id-896' class='answer   answerof-265 ' value='896'   \/><label for='answer-id-896' id='answer-label-896' class=' answer'><span>L'ensemble des citoyens de la communaut\u00e9 urbaine<\/span><\/label><\/div><div class='watupro-question-choice  ' dir='auto' ><input type='checkbox' name='answer-265[]' id='answer-id-897' class='answer   answerof-265 ' value='897'   \/><label for='answer-id-897' id='answer-label-897' class=' answer'><span>Les conseillers municipaux de toutes les communes d'arrondissement formant la communaut\u00e9<\/span><\/label><\/div><div class='watupro-question-choice  ' dir='auto' ><input type='checkbox' name='answer-265[]' id='answer-id-898' class='answer   answerof-265 ' value='898'   \/><label for='answer-id-898' id='answer-label-898' class=' answer'><span>Le gouvernement central<\/span><\/label><\/div><!-- end question-choices--><\/div><!-- end questionWrap--><\/div><\/div><div class='watu-question ' id='question-3' style=';'><div id='questionWrap-3'  class='   watupro-question-id-266'>\n\t\t\t<div class='question-content'><div><span class='watupro_num'>3. <\/span>Quelle autorit\u00e9 proc\u00e8de \u00e0 l'installation officielle du maire d'une commune ?<\/div><input type='hidden' name='question_id[]' id='qID_3' value='266' class='watupro-question-id'\/><input type='hidden' id='answerType266' class='answerTypeCnt3' value='checkbox'><!-- end question-content--><\/div><div class='question-choices watupro-choices-columns '  id='questionChoices266'><div class='watupro-question-choice  ' dir='auto' ><input type='checkbox' name='answer-266[]' id='answer-id-899' class='answer   answerof-266 ' value='899'   \/><label for='answer-id-899' id='answer-label-899' class=' answer'><span>Le Ministre de l'Administration Territoriale<\/span><\/label><\/div><div class='watupro-question-choice  ' dir='auto' ><input type='checkbox' name='answer-266[]' id='answer-id-900' class='answer   answerof-266 ' value='900'   \/><label for='answer-id-900' id='answer-label-900' class=' answer'><span>Le Pr\u00e9sident de la R\u00e9publique<\/span><\/label><\/div><div class='watupro-question-choice  ' dir='auto' ><input type='checkbox' name='answer-266[]' id='answer-id-901' class='answer   answerof-266 ' value='901'   \/><label for='answer-id-901' id='answer-label-901' class=' answer'><span>Le Pr\u00e9fet ou le Sous-pr\u00e9fet<\/span><\/label><\/div><div class='watupro-question-choice  ' dir='auto' ><input type='checkbox' name='answer-266[]' id='answer-id-902' class='answer   answerof-266 ' value='902'   \/><label for='answer-id-902' id='answer-label-902' class=' answer'><span>Le Gouverneur uniquement pour les communes sp\u00e9ciales<\/span><\/label><\/div><!-- end question-choices--><\/div><!-- end questionWrap--><\/div><\/div><div class='watu-question ' id='question-4' style=';'><div id='questionWrap-4'  class='   watupro-question-id-267'>\n\t\t\t<div class='question-content'><div><span class='watupro_num'>4. <\/span>Quel est le nombre d'adjoints au maire pour une commune de 36 conseillers municipaux ?<\/div><input type='hidden' name='question_id[]' id='qID_4' value='267' class='watupro-question-id'\/><input type='hidden' id='answerType267' class='answerTypeCnt4' value='checkbox'><!-- end question-content--><\/div><div class='question-choices watupro-choices-columns '  id='questionChoices267'><div class='watupro-question-choice  ' dir='auto' ><input type='checkbox' name='answer-267[]' id='answer-id-903' class='answer   answerof-267 ' value='903'   \/><label for='answer-id-903' id='answer-label-903' class=' answer'><span>2 adjoints<\/span><\/label><\/div><div class='watupro-question-choice  ' dir='auto' ><input type='checkbox' name='answer-267[]' id='answer-id-904' class='answer   answerof-267 ' value='904'   \/><label for='answer-id-904' id='answer-label-904' class=' answer'><span>4 adjoints<\/span><\/label><\/div><div class='watupro-question-choice  ' dir='auto' ><input type='checkbox' name='answer-267[]' id='answer-id-905' class='answer   answerof-267 ' value='905'   \/><label for='answer-id-905' id='answer-label-905' class=' answer'><span>5 adjoints<\/span><\/label><\/div><div class='watupro-question-choice  ' dir='auto' ><input type='checkbox' name='answer-267[]' id='answer-id-906' class='answer   answerof-267 ' value='906'   \/><label for='answer-id-906' id='answer-label-906' class=' answer'><span>6 adjoints<\/span><\/label><\/div><!-- end question-choices--><\/div><!-- end questionWrap--><\/div><\/div><div class='watu-question ' id='question-5' style=';'><div id='questionWrap-5'  class='   watupro-question-id-268'>\n\t\t\t<div class='question-content'><div><span class='watupro_num'>5. <\/span>Quelle situation entra\u00eene automatiquement la suspension temporaire d'un maire ?<\/div><input type='hidden' name='question_id[]' id='qID_5' value='268' class='watupro-question-id'\/><input type='hidden' id='answerType268' class='answerTypeCnt5' value='checkbox'><!-- end question-content--><\/div><div class='question-choices watupro-choices-columns '  id='questionChoices268'><div class='watupro-question-choice  ' dir='auto' ><input type='checkbox' name='answer-268[]' id='answer-id-907' class='answer   answerof-268 ' value='907'   \/><label for='answer-id-907' id='answer-label-907' class=' answer'><span>Un d\u00e9saccord politique avec le pr\u00e9fet<\/span><\/label><\/div><div class='watupro-question-choice  ' dir='auto' ><input type='checkbox' name='answer-268[]' id='answer-id-908' class='answer   answerof-268 ' value='908'   \/><label for='answer-id-908' id='answer-label-908' class=' answer'><span>Une faute grave dans la gestion municipale<\/span><\/label><\/div><div class='watupro-question-choice  ' dir='auto' ><input type='checkbox' name='answer-268[]' id='answer-id-909' class='answer   answerof-268 ' value='909'   \/><label for='answer-id-909' id='answer-label-909' class=' answer'><span>L'organisation d'une manifestation culturelle sans autorisation<\/span><\/label><\/div><div class='watupro-question-choice  ' dir='auto' ><input type='checkbox' name='answer-268[]' id='answer-id-910' class='answer   answerof-268 ' value='910'   \/><label for='answer-id-910' id='answer-label-910' class=' answer'><span>Un changement d'affiliation politique<\/span><\/label><\/div><!-- end question-choices--><\/div><!-- end questionWrap--><\/div><\/div><div class='watu-question ' id='question-6' style=';'><div id='questionWrap-6'  class='   watupro-question-id-269'>\n\t\t\t<div class='question-content'><div><span class='watupro_num'>6. <\/span>Quelle est la dur\u00e9e maximale d'une suspension d'un maire ?<\/div><input type='hidden' name='question_id[]' id='qID_6' value='269' class='watupro-question-id'\/><input type='hidden' id='answerType269' class='answerTypeCnt6' value='checkbox'><!-- end question-content--><\/div><div class='question-choices watupro-choices-columns '  id='questionChoices269'><div class='watupro-question-choice  ' dir='auto' ><input type='checkbox' name='answer-269[]' id='answer-id-911' class='answer   answerof-269 ' value='911'   \/><label for='answer-id-911' id='answer-label-911' class=' answer'><span>1 mois<\/span><\/label><\/div><div class='watupro-question-choice  ' dir='auto' ><input type='checkbox' name='answer-269[]' id='answer-id-912' class='answer   answerof-269 ' value='912'   \/><label for='answer-id-912' id='answer-label-912' class=' answer'><span>3 mois, renouvelable une fois<\/span><\/label><\/div><div class='watupro-question-choice  ' dir='auto' ><input type='checkbox' name='answer-269[]' id='answer-id-913' class='answer   answerof-269 ' value='913'   \/><label for='answer-id-913' id='answer-label-913' class=' answer'><span>6 mois non renouvelables<\/span><\/label><\/div><div class='watupro-question-choice  ' dir='auto' ><input type='checkbox' name='answer-269[]' id='answer-id-914' class='answer   answerof-269 ' value='914'   \/><label for='answer-id-914' id='answer-label-914' class=' answer'><span>Jusqu'\u00e0 la fin de son mandat<\/span><\/label><\/div><!-- end question-choices--><\/div><!-- end questionWrap--><\/div><\/div><div class='watu-question ' id='question-7' style=';'><div id='questionWrap-7'  class='   watupro-question-id-270'>\n\t\t\t<div class='question-content'><div><span class='watupro_num'>7. <\/span>Lequel de ces cumuls de fonctions est strictement interdit pour un maire ?<\/div><input type='hidden' name='question_id[]' id='qID_7' value='270' class='watupro-question-id'\/><input type='hidden' id='answerType270' class='answerTypeCnt7' value='checkbox'><!-- end question-content--><\/div><div class='question-choices watupro-choices-columns '  id='questionChoices270'><div class='watupro-question-choice  ' dir='auto' ><input type='checkbox' name='answer-270[]' id='answer-id-915' class='answer   answerof-270 ' value='915'   \/><label for='answer-id-915' id='answer-label-915' class=' answer'><span>Maire et enseignant fonctionnaire en disponibilit\u00e9<\/span><\/label><\/div><div class='watupro-question-choice  ' dir='auto' ><input type='checkbox' name='answer-270[]' id='answer-id-916' class='answer   answerof-270 ' value='916'   \/><label for='answer-id-916' id='answer-label-916' class=' answer'><span>Maire et d\u00e9put\u00e9 \u00e0 l'Assembl\u00e9e nationale<\/span><\/label><\/div><div class='watupro-question-choice  ' dir='auto' ><input type='checkbox' name='answer-270[]' id='answer-id-917' class='answer   answerof-270 ' value='917'   \/><label for='answer-id-917' id='answer-label-917' class=' answer'><span>Maire et pr\u00e9sident d'une association culturelle locale<\/span><\/label><\/div><div class='watupro-question-choice  ' dir='auto' ><input type='checkbox' name='answer-270[]' id='answer-id-918' class='answer   answerof-270 ' value='918'   \/><label for='answer-id-918' id='answer-label-918' class=' answer'><span>Maire et chef traditionnel<\/span><\/label><\/div><!-- end question-choices--><\/div><!-- end questionWrap--><\/div><\/div><div class='watu-question ' id='question-8' style=';'><div id='questionWrap-8'  class='   watupro-question-id-271'>\n\t\t\t<div class='question-content'><div><span class='watupro_num'>8. <\/span>Quelle autorit\u00e9 signe le d\u00e9cret de r\u00e9vocation d'un maire ?<\/div><input type='hidden' name='question_id[]' id='qID_8' value='271' class='watupro-question-id'\/><input type='hidden' id='answerType271' class='answerTypeCnt8' value='checkbox'><!-- end question-content--><\/div><div class='question-choices watupro-choices-columns '  id='questionChoices271'><div class='watupro-question-choice  ' dir='auto' ><input type='checkbox' name='answer-271[]' id='answer-id-919' class='answer   answerof-271 ' value='919'   \/><label for='answer-id-919' id='answer-label-919' class=' answer'><span>Le Pr\u00e9fet<\/span><\/label><\/div><div class='watupro-question-choice  ' dir='auto' ><input type='checkbox' name='answer-271[]' id='answer-id-920' class='answer   answerof-271 ' value='920'   \/><label for='answer-id-920' id='answer-label-920' class=' answer'><span>Le Ministre de l'Administration Territoriale<\/span><\/label><\/div><div class='watupro-question-choice  ' dir='auto' ><input type='checkbox' name='answer-271[]' id='answer-id-921' class='answer   answerof-271 ' value='921'   \/><label for='answer-id-921' id='answer-label-921' class=' answer'><span>Le Pr\u00e9sident de la R\u00e9publique<\/span><\/label><\/div><div class='watupro-question-choice  ' dir='auto' ><input type='checkbox' name='answer-271[]' id='answer-id-922' class='answer   answerof-271 ' value='922'   \/><label for='answer-id-922' id='answer-label-922' class=' answer'><span>Le Tribunal administratif<\/span><\/label><\/div><!-- end question-choices--><\/div><!-- end questionWrap--><\/div><\/div><div class='watu-question ' id='question-9' style=';'><div id='questionWrap-9'  class='   watupro-question-id-272'>\n\t\t\t<div class='question-content'><div><span class='watupro_num'>9. <\/span>En cas de suspension du maire, qui assure l'int\u00e9rim ?<\/div><input type='hidden' name='question_id[]' id='qID_9' value='272' class='watupro-question-id'\/><input type='hidden' id='answerType272' class='answerTypeCnt9' value='checkbox'><!-- end question-content--><\/div><div class='question-choices watupro-choices-columns '  id='questionChoices272'><div class='watupro-question-choice  ' dir='auto' ><input type='checkbox' name='answer-272[]' id='answer-id-923' class='answer   answerof-272 ' value='923'   \/><label for='answer-id-923' id='answer-label-923' class=' answer'><span>Le Secr\u00e9taire g\u00e9n\u00e9ral de la mairie<\/span><\/label><\/div><div class='watupro-question-choice  ' dir='auto' ><input type='checkbox' name='answer-272[]' id='answer-id-924' class='answer   answerof-272 ' value='924'   \/><label for='answer-id-924' id='answer-label-924' class=' answer'><span>Le Pr\u00e9fet<\/span><\/label><\/div><div class='watupro-question-choice  ' dir='auto' ><input type='checkbox' name='answer-272[]' id='answer-id-925' class='answer   answerof-272 ' value='925'   \/><label for='answer-id-925' id='answer-label-925' class=' answer'><span>Le premier adjoint au maire<\/span><\/label><\/div><div class='watupro-question-choice  ' dir='auto' ><input type='checkbox' name='answer-272[]' id='answer-id-926' class='answer   answerof-272 ' value='926'   \/><label for='answer-id-926' id='answer-label-926' class=' answer'><span>Un conseiller municipal \u00e9lu en s\u00e9ance<\/span><\/label><\/div><!-- end question-choices--><\/div><!-- end questionWrap--><\/div><\/div><div class='watu-question ' id='question-10' style=';'><div id='questionWrap-10'  class='   watupro-question-id-273'>\n\t\t\t<div class='question-content'><div><span class='watupro_num'>10. <\/span>Le maire peut-il signer un contrat avec une entreprise dont il est actionnaire minoritaire ?<\/div><input type='hidden' name='question_id[]' id='qID_10' value='273' class='watupro-question-id'\/><input type='hidden' id='answerType273' class='answerTypeCnt10' value='checkbox'><!-- end question-content--><\/div><div class='question-choices watupro-choices-columns '  id='questionChoices273'><div class='watupro-question-choice  ' dir='auto' ><input type='checkbox' name='answer-273[]' id='answer-id-927' class='answer   answerof-273 ' value='927'   \/><label for='answer-id-927' id='answer-label-927' class=' answer'><span>Oui, s'il d\u00e9clare son conflit d'int\u00e9r\u00eats<\/span><\/label><\/div><div class='watupro-question-choice  ' dir='auto' ><input type='checkbox' name='answer-273[]' id='answer-id-928' class='answer   answerof-273 ' value='928'   \/><label for='answer-id-928' id='answer-label-928' class=' answer'><span>Non, c'est une incompatibilit\u00e9 \u00e9conomique absolue<\/span><\/label><\/div><div class='watupro-question-choice  ' dir='auto' ><input type='checkbox' name='answer-273[]' id='answer-id-929' class='answer   answerof-273 ' value='929'   \/><label for='answer-id-929' id='answer-label-929' class=' answer'><span>Oui, si le conseil municipal l'autorise<\/span><\/label><\/div><div class='watupro-question-choice  ' dir='auto' ><input type='checkbox' name='answer-273[]' id='answer-id-930' class='answer   answerof-273 ' value='930'   \/><label for='answer-id-930' id='answer-label-930' class=' answer'><span>Non, sauf si l'entreprise est la seule disponible<\/span><\/label><\/div><!-- end question-choices--><\/div><!-- end questionWrap--><\/div><\/div><div class='watu-question ' id='question-11' style=';'><div id='questionWrap-11'  class='   watupro-question-id-274'>\n\t\t\t<div class='question-content'><div><span class='watupro_num'>11. <\/span>Quelle est l'attribution sp\u00e9cifique du maire de ville en mati\u00e8re de d\u00e9veloppement urbain ?<\/div><input type='hidden' name='question_id[]' id='qID_11' value='274' class='watupro-question-id'\/><input type='hidden' id='answerType274' class='answerTypeCnt11' value='checkbox'><!-- end question-content--><\/div><div class='question-choices watupro-choices-columns '  id='questionChoices274'><div class='watupro-question-choice  ' dir='auto' ><input type='checkbox' name='answer-274[]' id='answer-id-931' class='answer   answerof-274 ' value='931'   \/><label for='answer-id-931' id='answer-label-931' class=' answer'><span>Gestion des permis de construire individuels<\/span><\/label><\/div><div class='watupro-question-choice  ' dir='auto' ><input type='checkbox' name='answer-274[]' id='answer-id-932' class='answer   answerof-274 ' value='932'   \/><label for='answer-id-932' id='answer-label-932' class=' answer'><span>\u00c9laboration du Plan Directeur d'Urbanisme (PDU)<\/span><\/label><\/div><div class='watupro-question-choice  ' dir='auto' ><input type='checkbox' name='answer-274[]' id='answer-id-933' class='answer   answerof-274 ' value='933'   \/><label for='answer-id-933' id='answer-label-933' class=' answer'><span>Entretien des routes rurales<\/span><\/label><\/div><div class='watupro-question-choice  ' dir='auto' ><input type='checkbox' name='answer-274[]' id='answer-id-934' class='answer   answerof-274 ' value='934'   \/><label for='answer-id-934' id='answer-label-934' class=' answer'><span>Gestion de l'\u00e9tat civil<\/span><\/label><\/div><!-- end question-choices--><\/div><!-- end questionWrap--><\/div><\/div><div class='watu-question ' id='question-12' style=';'><div id='questionWrap-12'  class='   watupro-question-id-275'>\n\t\t\t<div class='question-content'><div><span class='watupro_num'>12. <\/span>Quel r\u00f4le le maire exerce-t-il en tant qu'officier de police administrative ?<\/div><input type='hidden' name='question_id[]' id='qID_12' value='275' class='watupro-question-id'\/><input type='hidden' id='answerType275' class='answerTypeCnt12' value='checkbox'><!-- end question-content--><\/div><div class='question-choices watupro-choices-columns '  id='questionChoices275'><div class='watupro-question-choice  ' dir='auto' ><input type='checkbox' name='answer-275[]' id='answer-id-935' class='answer   answerof-275 ' value='935'   \/><label for='answer-id-935' id='answer-label-935' class=' answer'><span>D\u00e9livrance des permis de chasse<\/span><\/label><\/div><div class='watupro-question-choice  ' dir='auto' ><input type='checkbox' name='answer-275[]' id='answer-id-936' class='answer   answerof-275 ' value='936'   \/><label for='answer-id-936' id='answer-label-936' class=' answer'><span>Jugement des infractions<\/span><\/label><\/div><div class='watupro-question-choice  ' dir='auto' ><input type='checkbox' name='answer-275[]' id='answer-id-937' class='answer   answerof-275 ' value='937'   \/><label for='answer-id-937' id='answer-label-937' class=' answer'><span>Maintien de l'ordre, de la salubrit\u00e9 et de la tranquillit\u00e9 publique<\/span><\/label><\/div><div class='watupro-question-choice  ' dir='auto' ><input type='checkbox' name='answer-275[]' id='answer-id-938' class='answer   answerof-275 ' value='938'   \/><label for='answer-id-938' id='answer-label-938' class=' answer'><span>Contr\u00f4le des prix des denr\u00e9es sur les march\u00e9s<\/span><\/label><\/div><!-- end question-choices--><\/div><!-- end questionWrap--><\/div><\/div><div class='watu-question ' id='question-13' style=';'><div id='questionWrap-13'  class='   watupro-question-id-276'>\n\t\t\t<div class='question-content'><div><span class='watupro_num'>13. <\/span>Qui nomme le Secr\u00e9taire g\u00e9n\u00e9ral de la mairie ?<\/div><input type='hidden' name='question_id[]' id='qID_13' value='276' class='watupro-question-id'\/><input type='hidden' id='answerType276' class='answerTypeCnt13' value='checkbox'><!-- end question-content--><\/div><div class='question-choices watupro-choices-columns '  id='questionChoices276'><div class='watupro-question-choice  ' dir='auto' ><input type='checkbox' name='answer-276[]' id='answer-id-939' class='answer   answerof-276 ' value='939'   \/><label for='answer-id-939' id='answer-label-939' class=' answer'><span>Le maire seul<\/span><\/label><\/div><div class='watupro-question-choice  ' dir='auto' ><input type='checkbox' name='answer-276[]' id='answer-id-940' class='answer   answerof-276 ' value='940'   \/><label for='answer-id-940' id='answer-label-940' class=' answer'><span>Le conseil municipal<\/span><\/label><\/div><div class='watupro-question-choice  ' dir='auto' ><input type='checkbox' name='answer-276[]' id='answer-id-941' class='answer   answerof-276 ' value='941'   \/><label for='answer-id-941' id='answer-label-941' class=' answer'><span>Le Ministre de l'Administration Territoriale sur proposition du maire<\/span><\/label><\/div><div class='watupro-question-choice  ' dir='auto' ><input type='checkbox' name='answer-276[]' id='answer-id-942' class='answer   answerof-276 ' value='942'   \/><label for='answer-id-942' id='answer-label-942' class=' answer'><span>Le Pr\u00e9fet<\/span><\/label><\/div><!-- end question-choices--><\/div><!-- end questionWrap--><\/div><\/div><div class='watu-question ' id='question-14' style=';'><div id='questionWrap-14'  class='   watupro-question-id-277'>\n\t\t\t<div class='question-content'><div><span class='watupro_num'>14. <\/span>Quelle est la diff\u00e9rence fondamentale entre les comp\u00e9tences du maire de commune et du maire de ville ?<\/div><input type='hidden' name='question_id[]' id='qID_14' value='277' class='watupro-question-id'\/><input type='hidden' id='answerType277' class='answerTypeCnt14' value='checkbox'><!-- end question-content--><\/div><div class='question-choices watupro-choices-columns '  id='questionChoices277'><div class='watupro-question-choice  ' dir='auto' ><input type='checkbox' name='answer-277[]' id='answer-id-943' class='answer   answerof-277 ' value='943'   \/><label for='answer-id-943' id='answer-label-943' class=' answer'><span>Le maire de ville ne g\u00e8re aucun budget<\/span><\/label><\/div><div class='watupro-question-choice  ' dir='auto' ><input type='checkbox' name='answer-277[]' id='answer-id-944' class='answer   answerof-277 ' value='944'   \/><label for='answer-id-944' id='answer-label-944' class=' answer'><span>Le maire de commune n'a pas de pouvoir de police<\/span><\/label><\/div><div class='watupro-question-choice  ' dir='auto' ><input type='checkbox' name='answer-277[]' id='answer-id-945' class='answer   answerof-277 ' value='945'   \/><label for='answer-id-945' id='answer-label-945' class=' answer'><span>Le maire de ville coordonne les comp\u00e9tences intercommunales et les projets structurants<\/span><\/label><\/div><div class='watupro-question-choice  ' dir='auto' ><input type='checkbox' name='answer-277[]' id='answer-id-946' class='answer   answerof-277 ' value='946'   \/><label for='answer-id-946' id='answer-label-946' class=' answer'><span>Le maire de commune est \u00e9lu au suffrage universel direct<\/span><\/label><\/div><!-- end question-choices--><\/div><!-- end questionWrap--><\/div><\/div><div class='watu-question ' id='question-15' style=';'><div id='questionWrap-15'  class='   watupro-question-id-278'>\n\t\t\t<div class='question-content'><div><span class='watupro_num'>15. <\/span>Quel document le maire pr\u00e9pare-t-il et ex\u00e9cute-t-il en tant qu'ordonnateur ?<\/div><input type='hidden' name='question_id[]' id='qID_15' value='278' class='watupro-question-id'\/><input type='hidden' id='answerType278' class='answerTypeCnt15' value='checkbox'><!-- end question-content--><\/div><div class='question-choices watupro-choices-columns '  id='questionChoices278'><div class='watupro-question-choice  ' dir='auto' ><input type='checkbox' name='answer-278[]' id='answer-id-947' class='answer   answerof-278 ' value='947'   \/><label for='answer-id-947' id='answer-label-947' class=' answer'><span>Le Plan communal de d\u00e9veloppement (PCD)<\/span><\/label><\/div><div class='watupro-question-choice  ' dir='auto' ><input type='checkbox' name='answer-278[]' id='answer-id-948' class='answer   answerof-278 ' value='948'   \/><label for='answer-id-948' id='answer-label-948' class=' answer'><span>Le budget communal<\/span><\/label><\/div><div class='watupro-question-choice  ' dir='auto' ><input type='checkbox' name='answer-278[]' id='answer-id-949' class='answer   answerof-278 ' value='949'   \/><label for='answer-id-949' id='answer-label-949' class=' answer'><span>Le rapport annuel d'activit\u00e9<\/span><\/label><\/div><div class='watupro-question-choice  ' dir='auto' ><input type='checkbox' name='answer-278[]' id='answer-id-950' class='answer   answerof-278 ' value='950'   \/><label for='answer-id-950' id='answer-label-950' class=' answer'><span>Le registre d'\u00e9tat civil<\/span><\/label><\/div><!-- end question-choices--><\/div><!-- end questionWrap--><\/div><\/div><div class='watu-question ' id='question-16' style=';'><div id='questionWrap-16'  class='   watupro-question-id-279'>\n\t\t\t<div class='question-content'><div><span class='watupro_num'>16. <\/span>En cas de dissolution du conseil municipal, qui assure la gestion provisoire de la commune ?<\/div><input type='hidden' name='question_id[]' id='qID_16' value='279' class='watupro-question-id'\/><input type='hidden' id='answerType279' class='answerTypeCnt16' value='checkbox'><!-- end question-content--><\/div><div class='question-choices watupro-choices-columns '  id='questionChoices279'><div class='watupro-question-choice  ' dir='auto' ><input type='checkbox' name='answer-279[]' id='answer-id-951' class='answer   answerof-279 ' value='951'   \/><label for='answer-id-951' id='answer-label-951' class=' answer'><span>Le Pr\u00e9fet<\/span><\/label><\/div><div class='watupro-question-choice  ' dir='auto' ><input type='checkbox' name='answer-279[]' id='answer-id-952' class='answer   answerof-279 ' value='952'   \/><label for='answer-id-952' id='answer-label-952' class=' answer'><span>Le Maire sortant<\/span><\/label><\/div><div class='watupro-question-choice  ' dir='auto' ><input type='checkbox' name='answer-279[]' id='answer-id-953' class='answer   answerof-279 ' value='953'   \/><label for='answer-id-953' id='answer-label-953' class=' answer'><span>Une d\u00e9l\u00e9gation sp\u00e9ciale<\/span><\/label><\/div><div class='watupro-question-choice  ' dir='auto' ><input type='checkbox' name='answer-279[]' id='answer-id-954' class='answer   answerof-279 ' value='954'   \/><label for='answer-id-954' id='answer-label-954' class=' answer'><span>Le Conseil r\u00e9gional<\/span><\/label><\/div><!-- end question-choices--><\/div><!-- end questionWrap--><\/div><\/div><div class='watu-question ' id='question-17' style=';'><div id='questionWrap-17'  class='   watupro-question-id-280'>\n\t\t\t<div class='question-content'><div><span class='watupro_num'>17. <\/span>Le maire peut-il d\u00e9l\u00e9guer sa signature \u00e0 un adjoint ?<\/div><input type='hidden' name='question_id[]' id='qID_17' value='280' class='watupro-question-id'\/><input type='hidden' id='answerType280' class='answerTypeCnt17' value='checkbox'><!-- end question-content--><\/div><div class='question-choices watupro-choices-columns '  id='questionChoices280'><div class='watupro-question-choice  ' dir='auto' ><input type='checkbox' name='answer-280[]' id='answer-id-955' class='answer   answerof-280 ' value='955'   \/><label for='answer-id-955' id='answer-label-955' class=' answer'><span>Non, jamais<\/span><\/label><\/div><div class='watupro-question-choice  ' dir='auto' ><input type='checkbox' name='answer-280[]' id='answer-id-956' class='answer   answerof-280 ' value='956'   \/><label for='answer-id-956' id='answer-label-956' class=' answer'><span>Oui, pour toutes les mati\u00e8res sans exception<\/span><\/label><\/div><div class='watupro-question-choice  ' dir='auto' ><input type='checkbox' name='answer-280[]' id='answer-id-957' class='answer   answerof-280 ' value='957'   \/><label for='answer-id-957' id='answer-label-957' class=' answer'><span>Oui, sauf pour les actes les plus importants comme certains march\u00e9s<\/span><\/label><\/div><div class='watupro-question-choice  ' dir='auto' ><input type='checkbox' name='answer-280[]' id='answer-id-958' class='answer   answerof-280 ' value='958'   \/><label for='answer-id-958' id='answer-label-958' class=' answer'><span>Uniquement au Secr\u00e9taire g\u00e9n\u00e9ral<\/span><\/label><\/div><!-- end question-choices--><\/div><!-- end questionWrap--><\/div><\/div><div class='watu-question ' id='question-18' style=';'><div id='questionWrap-18'  class='   watupro-question-id-281'>\n\t\t\t<div class='question-content'><div><span class='watupro_num'>18. <\/span>Quelle autorit\u00e9 exerce le contr\u00f4le de l\u00e9galit\u00e9 sur les actes du maire de ville ?<\/div><input type='hidden' name='question_id[]' id='qID_18' value='281' class='watupro-question-id'\/><input type='hidden' id='answerType281' class='answerTypeCnt18' value='checkbox'><!-- end question-content--><\/div><div class='question-choices watupro-choices-columns '  id='questionChoices281'><div class='watupro-question-choice  ' dir='auto' ><input type='checkbox' name='answer-281[]' id='answer-id-959' class='answer   answerof-281 ' value='959'   \/><label for='answer-id-959' id='answer-label-959' class=' answer'><span>Le Pr\u00e9fet<\/span><\/label><\/div><div class='watupro-question-choice  ' dir='auto' ><input type='checkbox' name='answer-281[]' id='answer-id-960' class='answer   answerof-281 ' value='960'   \/><label for='answer-id-960' id='answer-label-960' class=' answer'><span>Le Gouverneur<\/span><\/label><\/div><div class='watupro-question-choice  ' dir='auto' ><input type='checkbox' name='answer-281[]' id='answer-id-961' class='answer   answerof-281 ' value='961'   \/><label for='answer-id-961' id='answer-label-961' class=' answer'><span>Le Ministre de l'Administration Territoriale<\/span><\/label><\/div><div class='watupro-question-choice  ' dir='auto' ><input type='checkbox' name='answer-281[]' id='answer-id-962' class='answer   answerof-281 ' value='962'   \/><label for='answer-id-962' id='answer-label-962' class=' answer'><span>Le Pr\u00e9sident du conseil r\u00e9gional<\/span><\/label><\/div><!-- end question-choices--><\/div><!-- end questionWrap--><\/div><\/div><div class='watu-question ' id='question-19' style=';'><div id='questionWrap-19'  class='   watupro-question-id-282'>\n\t\t\t<div class='question-content'><div><span class='watupro_num'>19. <\/span>Quel m\u00e9canisme permet de r\u00e9soudre un conflit de comp\u00e9tences entre un maire d'arrondissement et le maire de ville ?<\/div><input type='hidden' name='question_id[]' id='qID_19' value='282' class='watupro-question-id'\/><input type='hidden' id='answerType282' class='answerTypeCnt19' value='checkbox'><!-- end question-content--><\/div><div class='question-choices watupro-choices-columns '  id='questionChoices282'><div class='watupro-question-choice  ' dir='auto' ><input type='checkbox' name='answer-282[]' id='answer-id-963' class='answer   answerof-282 ' value='963'   \/><label for='answer-id-963' id='answer-label-963' class=' answer'><span>La conf\u00e9rence des maires<\/span><\/label><\/div><div class='watupro-question-choice  ' dir='auto' ><input type='checkbox' name='answer-282[]' id='answer-id-964' class='answer   answerof-282 ' value='964'   \/><label for='answer-id-964' id='answer-label-964' class=' answer'><span>Le tribunal administratif<\/span><\/label><\/div><div class='watupro-question-choice  ' dir='auto' ><input type='checkbox' name='answer-282[]' id='answer-id-965' class='answer   answerof-282 ' value='965'   \/><label for='answer-id-965' id='answer-label-965' class=' answer'><span>Le M\u00e9diateur de la R\u00e9publique<\/span><\/label><\/div><div class='watupro-question-choice  ' dir='auto' ><input type='checkbox' name='answer-282[]' id='answer-id-966' class='answer   answerof-282 ' value='966'   \/><label for='answer-id-966' id='answer-label-966' class=' answer'><span>Le Pr\u00e9fet en premi\u00e8re instance<\/span><\/label><\/div><!-- end question-choices--><\/div><!-- end questionWrap--><\/div><\/div><div class='watu-question ' id='question-20' style=';'><div id='questionWrap-20'  class='   watupro-question-id-283'>\n\t\t\t<div class='question-content'><div><span class='watupro_num'>20. <\/span>Que risque un maire qui signe un march\u00e9 public sans autorisation du conseil municipal ?<\/div><input type='hidden' name='question_id[]' id='qID_20' value='283' class='watupro-question-id'\/><input type='hidden' id='answerType283' class='answerTypeCnt20' value='checkbox'><!-- end question-content--><\/div><div class='question-choices watupro-choices-columns '  id='questionChoices283'><div class='watupro-question-choice  ' dir='auto' ><input type='checkbox' name='answer-283[]' id='answer-id-967' class='answer   answerof-283 ' value='967'   \/><label for='answer-id-967' id='answer-label-967' class=' answer'><span>Une simple r\u00e9primande<\/span><\/label><\/div><div class='watupro-question-choice  ' dir='auto' ><input type='checkbox' name='answer-283[]' id='answer-id-968' class='answer   answerof-283 ' value='968'   \/><label for='answer-id-968' id='answer-label-968' class=' answer'><span>La suspension ou la r\u00e9vocation pour faute grave<\/span><\/label><\/div><div class='watupro-question-choice  ' dir='auto' ><input type='checkbox' name='answer-283[]' id='answer-id-969' class='answer   answerof-283 ' value='969'   \/><label for='answer-id-969' id='answer-label-969' class=' answer'><span>Une amende administrative<\/span><\/label><\/div><div class='watupro-question-choice  ' dir='auto' ><input type='checkbox' name='answer-283[]' id='answer-id-970' class='answer   answerof-283 ' value='970'   \/><label for='answer-id-970' id='answer-label-970' class=' answer'><span>L'obligation de rembourser sur ses fonds propres<\/span><\/label><\/div><!-- end question-choices--><\/div><!-- end questionWrap--><\/div><\/div><div style='display:none' id='question-21'>\n\t<div class='question-content'>\n\t\t<img decoding=\"async\" src=\"https:\/\/elearning.nasla.cm\/wp-content\/plugins\/watupro\/img\/loading.gif\" width=\"16\" height=\"16\" alt=\"Loading...\" title=\"Loading...\" \/>&nbsp;Loading...\t<\/div>\n<\/div>\n\n<br \/>\n\t\n\t\t\t<div class=\"watupro_buttons flex \" id=\"watuPROButtons25\" >\n\t\t  <div id=\"prev-question\" style=\"display:none;\"><input type=\"button\" value=\"&lt; Previous\" onclick=\"WatuPRO.nextQuestion(event, 'previous');\"\/><\/div>\t\t  \t\t  \t\t   \n\t\t   \t  \t\t<div><input type=\"button\" name=\"action\" class=\"watupro-submit-button\" onclick=\"WatuPRO.submitResult(event)\" id=\"action-button\" value=\"View Results\"  \/>\n\t\t<\/div>\n\t\t<\/div>\n\t\t\n\t<input type=\"hidden\" name=\"quiz_id\" value=\"25\" id=\"watuPROExamID\"\/>\n\t<input type=\"hidden\" name=\"start_time\" id=\"startTime\" value=\"2026-05-01 01:55:07\" \/>\n\t<input type=\"hidden\" name=\"start_timestamp\" id=\"startTimeStamp\" value=\"1777600507\" \/>\n\t<input type=\"hidden\" name=\"question_ids\" value=\"\" \/>\n\t<input type=\"hidden\" name=\"watupro_questions\" value=\"264:891,892,893,894 | 265:895,896,897,898 | 266:899,900,901,902 | 267:903,904,905,906 | 268:907,908,909,910 | 269:911,912,913,914 | 270:915,916,917,918 | 271:919,920,921,922 | 272:923,924,925,926 | 273:927,928,929,930 | 274:931,932,933,934 | 275:935,936,937,938 | 276:939,940,941,942 | 277:943,944,945,946 | 278:947,948,949,950 | 279:951,952,953,954 | 280:955,956,957,958 | 281:959,960,961,962 | 282:963,964,965,966 | 283:967,968,969,970\" \/>\n\t<input type=\"hidden\" name=\"no_ajax\" value=\"0\">\t\t\t<\/form>\n\t<p>&nbsp;<\/p>\n<\/div>\n\n<script type=\"text\/javascript\">\n\/\/jQuery(document).ready(function(){\ndocument.addEventListener(\"DOMContentLoaded\", function(event) { \t\nvar question_ids = \"264,265,266,267,268,269,270,271,272,273,274,275,276,277,278,279,280,281,282,283\";\nWatuPROSettings[25] = {};\nWatuPRO.qArr = question_ids.split(',');\nWatuPRO.exam_id = 25;\t    \nWatuPRO.post_id = 14403;\nWatuPRO.store_progress = 0;\nWatuPRO.curCatPage = 1;\nWatuPRO.requiredIDs=\"0\".split(\",\");\nWatuPRO.hAppID = \"0.01545100 1777596907\";\nvar url = \"https:\/\/elearning.nasla.cm\/wp-content\/plugins\/watupro\/show_exam.php\";\nWatuPRO.examMode = 1;\nWatuPRO.siteURL=\"https:\/\/elearning.nasla.cm\/wp-admin\/admin-ajax.php\";\nWatuPRO.emailIsNotRequired = 0;\nWatuPRO.perDecade = 10;\nWatuPROIntel.init(25);\nWatuPRO.inCategoryPages=1;});    \t \n<\/script>\n\n","protected":false},"excerpt":{"rendered":"","protected":false},"author":1,"featured_media":0,"parent":0,"menu_order":0,"comment_status":"closed","ping_status":"closed","template":"","meta":{"_acf_changed":false,"footnotes":""},"class_list":["post-14403","page","type-page","status-publish","hentry"],"acf":[],"_links":{"self":[{"href":"https:\/\/elearning.nasla.cm\/index.php\/wp-json\/wp\/v2\/pages\/14403","targetHints":{"allow":["GET"]}}],"collection":[{"href":"https:\/\/elearning.nasla.cm\/index.php\/wp-json\/wp\/v2\/pages"}],"about":[{"href":"https:\/\/elearning.nasla.cm\/index.php\/wp-json\/wp\/v2\/types\/page"}],"author":[{"embeddable":true,"href":"https:\/\/elearning.nasla.cm\/index.php\/wp-json\/wp\/v2\/users\/1"}],"replies":[{"embeddable":true,"href":"https:\/\/elearning.nasla.cm\/index.php\/wp-json\/wp\/v2\/comments?post=14403"}],"version-history":[{"count":0,"href":"https:\/\/elearning.nasla.cm\/index.php\/wp-json\/wp\/v2\/pages\/14403\/revisions"}],"wp:attachment":[{"href":"https:\/\/elearning.nasla.cm\/index.php\/wp-json\/wp\/v2\/media?parent=14403"}],"curies":[{"name":"wp","href":"https:\/\/api.w.org\/{rel}","templated":true}]}}